{"id":1777,"date":"2015-01-08T09:15:42","date_gmt":"2015-01-08T08:15:42","guid":{"rendered":"http:\/\/www.jour-de-peche.com\/?page_id=1777"},"modified":"2024-04-30T11:52:23","modified_gmt":"2024-04-30T10:52:23","slug":"livre-or-peche-irlande-et-france","status":"publish","type":"page","link":"https:\/\/www.jour-de-peche.com\/en\/guide-de-peche-ariege-pyrenees-stages-et-cours\/livre-or-peche-irlande-et-france\/","title":{"rendered":"Livre d&#8217;Or St\u00e9phane Legentilhomme, guide de p\u00eache, Ari\u00e8ge"},"content":{"rendered":"<div class=\"wpb-content-wrapper\"><p>[vc_row el_class=&#8221;hauteurboite1&#8243;][vc_column el_class=&#8221;hauteurboite1&#8243;][vc_column_text el_class=&#8221;hauteurboite1&#8243;]<\/p>\n<h1><span style=\"color: #000000;\">Guide de p\u00eache ari\u00e8ge. Guide de p\u00eache aude. Guide de p\u00eache canal du midi. Guide de p\u00eache haute-garonne. Guide de p\u00eache tarn. Guide de p\u00eache lac de la ganguise. Guide de p\u00eache languedoc-roussillon. Guide de p\u00eache midi-pyr\u00e9n\u00e9es. Guide de p\u00eache montagne noire.<br \/>\n<\/span><\/h1>\n<p>[\/vc_column_text][\/vc_column][\/vc_row][vc_row][vc_column][vc_column_text]<\/p>\n<h4 style=\"margin: 5px 0 30px; color: #666666; text-align: center;\">Quelques mots, \u00e9crits au fil de l&#8217;eau, par les personnes que j&#8217;ai eu le plaisir de guider&#8230;<\/h4>\n<p>[\/vc_column_text][vc_column_text]<\/p>\n<h5 style=\"text-align: center;\"><span style=\"color: #993366;\"><span style=\"color: #993366;\">Le livre d&#8217;or est constitu\u00e9 des commentaires que je re\u00e7ois (mails, textos, messenger, etc&#8230;).<\/span><\/span><\/h5>\n<p>[\/vc_column_text][\/vc_column][\/vc_row][vc_row][vc_column][vc_separator color=&#8221;mulled_wine&#8221;][\/vc_column][\/vc_row][vc_row][vc_column][vc_btn title=&#8221;2024&#8243; style=&#8221;3d&#8221; color=&#8221;warning&#8221; size=&#8221;lg&#8221; align=&#8221;center&#8221; i_align=&#8221;right&#8221; i_type=&#8221;openiconic&#8221; i_icon_openiconic=&#8221;vc-oi vc-oi-arrow-curved&#8221; css_animation=&#8221;fadeIn&#8221; css=&#8221;&#8221; add_icon=&#8221;true&#8221;][\/vc_column][\/vc_row][vc_row][vc_column width=&#8221;1\/4&#8243;][vc_column_text css_animation=&#8221;rollIn&#8221; css=&#8221;&#8221;]<strong><em>St\u00e9phane Delbos<\/em><\/strong><\/p>\n<p><a href=\"https:\/\/www.jour-de-peche.com\/wp-content\/uploads\/2024\/04\/Delbos-Stephane-01-web.jpeg\"><img fetchpriority=\"high\" decoding=\"async\" class=\"alignnone size-full wp-image-556203\" src=\"https:\/\/www.jour-de-peche.com\/wp-content\/uploads\/2024\/04\/Delbos-Stephane-01-web.jpeg\" alt=\"\" width=\"800\" height=\"800\" srcset=\"https:\/\/www.jour-de-peche.com\/wp-content\/uploads\/2024\/04\/Delbos-Stephane-01-web.jpeg 800w, https:\/\/www.jour-de-peche.com\/wp-content\/uploads\/2024\/04\/Delbos-Stephane-01-web-375x375.jpeg 375w, https:\/\/www.jour-de-peche.com\/wp-content\/uploads\/2024\/04\/Delbos-Stephane-01-web-750x750.jpeg 750w, https:\/\/www.jour-de-peche.com\/wp-content\/uploads\/2024\/04\/Delbos-Stephane-01-web-768x768.jpeg 768w, https:\/\/www.jour-de-peche.com\/wp-content\/uploads\/2024\/04\/Delbos-Stephane-01-web-600x600.jpeg 600w\" sizes=\"(max-width: 800px) 100vw, 800px\" \/><\/a>[\/vc_column_text][\/vc_column][vc_column width=&#8221;3\/4&#8243;][vc_column_text css=&#8221;.vc_custom_1714474028505{padding-top: 15px !important;}&#8221;]<span style=\"color: #000000;\"><strong><em>Par mail du 9 avril 2024<\/em><\/strong><\/span><\/p>\n<div>\n<p><span style=\"color: #000000;\">Bonsoir St\u00e9phane,<\/span><\/p>\n<p><span style=\"color: #000000;\">J\u2019esp\u00e8re que tes deux derni\u00e8res journ\u00e9e de guidage se sont bien pass\u00e9es.<\/span><\/p>\n<p><span style=\"color: #000000;\">Je voulais une nouvelle fois te remercier pour ce que tu as su me transmettre, pour la qualit\u00e9 de tes conseils et pour ta patience\u2026<\/span><\/p>\n<p><span style=\"color: #000000;\">Je suis pas pr\u00eat de te croiser sur une comp\u00e9tition mais je pense bien pouvoir me r\u00e9galer au bord de l\u2019eau et c\u2019est bien l\u2019essentiel pour l\u2019instant.<\/span><\/p>\n<p><span style=\"color: #000000;\">Mon dimanche a \u00e9t\u00e9 plus fructueux en morilles qu\u2019en truites mais j\u2019ai fait un session de 2h sur le Vicdessos assez sereinement. Je connais la m\u00e9fiance des poissons sur cette rivi\u00e8re et il faut encore que travaille l\u2019approche entre autres.<\/span><br \/>\n<span style=\"color: #000000;\">Bonne saison \u00e0 toi, au plaisir<\/span><br \/>\n<span style=\"color: #000000;\">St\u00e9phane<\/span><\/p>\n<\/div>\n<p>[\/vc_column_text][vc_column_text css=&#8221;&#8221;]<\/p>\n<p style=\"text-align: right;\"><strong><em>St\u00e9phane<\/em><\/strong><\/p>\n<p>[\/vc_column_text][\/vc_column][vc_column][vc_text_separator title=&#8221;Archives&#8221; color=&#8221;mulled_wine&#8221; border_width=&#8221;5&#8243; css=&#8221;&#8221;][vc_column_text css=&#8221;&#8221;]<\/p>\n<p style=\"text-align: center;\"><span style=\"color: #000000;\"><strong>J&#8217;ai laiss\u00e9 de c\u00f4t\u00e9 mon livre d&#8217;or pendant des ann\u00e9es par manque de temps pour m&#8217;en occuper, ci-dessous les archives de 2012 \u00e0 2017.<\/strong><\/span><\/p>\n<p>[\/vc_column_text][vc_btn title=&#8221;Archives 2012-2017&#8243; style=&#8221;3d&#8221; color=&#8221;warning&#8221; size=&#8221;lg&#8221; align=&#8221;center&#8221; i_align=&#8221;right&#8221; i_type=&#8221;openiconic&#8221; i_icon_openiconic=&#8221;vc-oi vc-oi-arrow-curved&#8221; css_animation=&#8221;fadeIn&#8221; css=&#8221;&#8221; add_icon=&#8221;true&#8221;][\/vc_column][\/vc_row][vc_row][vc_column][vc_separator color=&#8221;mulled_wine&#8221;][\/vc_column][\/vc_row][vc_row][vc_column width=&#8221;1\/4&#8243;][vc_column_text]<strong><em>Denis et son fils<\/em><\/strong><\/p>\n<p><a href=\"https:\/\/www.jour-de-peche.com\/wp-content\/uploads\/2022\/12\/221130-commentaire-Ganguise-Picot-Denis-web.jpeg\"><img decoding=\"async\" class=\"alignnone size-full wp-image-551565\" src=\"https:\/\/www.jour-de-peche.com\/wp-content\/uploads\/2022\/12\/221130-commentaire-Ganguise-Picot-Denis-web.jpeg\" alt=\"\" width=\"1200\" height=\"900\" srcset=\"https:\/\/www.jour-de-peche.com\/wp-content\/uploads\/2022\/12\/221130-commentaire-Ganguise-Picot-Denis-web.jpeg 1200w, https:\/\/www.jour-de-peche.com\/wp-content\/uploads\/2022\/12\/221130-commentaire-Ganguise-Picot-Denis-web-600x450.jpeg 600w, https:\/\/www.jour-de-peche.com\/wp-content\/uploads\/2022\/12\/221130-commentaire-Ganguise-Picot-Denis-web-500x375.jpeg 500w, https:\/\/www.jour-de-peche.com\/wp-content\/uploads\/2022\/12\/221130-commentaire-Ganguise-Picot-Denis-web-1000x750.jpeg 1000w, https:\/\/www.jour-de-peche.com\/wp-content\/uploads\/2022\/12\/221130-commentaire-Ganguise-Picot-Denis-web-768x576.jpeg 768w\" sizes=\"(max-width: 1200px) 100vw, 1200px\" \/><\/a><\/p>\n<p style=\"text-align: center;\"><em>Pas de r\u00e9cit&#8230;<\/em><\/p>\n<p>[\/vc_column_text][\/vc_column][vc_column width=&#8221;3\/4&#8243;][vc_column_text css=&#8221;.vc_custom_1714473863096{padding-top: 15px !important;}&#8221;]<strong><em>Par mail&#8230;<\/em><\/strong><\/p>\n<div>Super vid\u00e9os St\u00e9phane.<\/div>\n<div>\u00c7a me renoue avec la p\u00eache. Merci.<\/div>\n<div>Gr\u00e2ce \u00e0 toi je revis.<\/div>\n<div>Et \u00e0 tr\u00e8s bient\u00f4t.<\/div>\n<div>Denis<\/div>\n<p>[\/vc_column_text][vc_column_text]<\/p>\n<p style=\"text-align: right;\"><strong><em>Denis<\/em><\/strong><\/p>\n<p>[\/vc_column_text][\/vc_column][\/vc_row][vc_row][vc_column][vc_separator color=&#8221;mulled_wine&#8221;][\/vc_column][\/vc_row][vc_row][vc_column width=&#8221;1\/4&#8243;][vc_column_text]<strong><em>Florian<\/em><\/strong><\/p>\n<p><a href=\"http:\/\/www.jour-de-peche.com\/wp-content\/uploads\/2015\/01\/Montbel-peche-01.jpg\"><img decoding=\"async\" class=\"alignnone wp-image-8442 size-thumbnail\" src=\"http:\/\/www.jour-de-peche.com\/wp-content\/uploads\/2015\/01\/Montbel-peche-01-300x225.jpg\" alt=\"\" width=\"300\" height=\"225\" \/><\/a><\/p>\n<p style=\"text-align: center;\"><em>Pas de r\u00e9cit&#8230;<\/em><\/p>\n<p>[\/vc_column_text][\/vc_column][vc_column width=&#8221;3\/4&#8243;][vc_column_text css=&#8221;.vc_custom_1522930057742{padding-top: 15px !important;}&#8221;]<strong><em>Par mail du 2 ao\u00fbt 2017.<\/em><\/strong><\/p>\n<p>&nbsp;<\/p>\n<p>Quel super moment de p\u00eache, je reviendrai sans h\u00e9siter. St\u00e9phane est un super guide de p\u00eache, il m&#8217;a apprit diff\u00e9rentes techniques de p\u00eache au lancer, comment aborder un poste, l&#8217;animation de diff\u00e9rents leurres.. Merci et \u00e0 bient\u00f4t !<\/p>\n<p>[\/vc_column_text][vc_column_text]<\/p>\n<p style=\"text-align: right;\"><strong><em>Florian<\/em><\/strong><\/p>\n<p>[\/vc_column_text][\/vc_column][\/vc_row][vc_row][vc_column][vc_separator color=&#8221;mulled_wine&#8221;][\/vc_column][\/vc_row][vc_row][vc_column width=&#8221;1\/4&#8243;][vc_column_text]<strong><em>Bernard<\/em><\/strong><\/p>\n<p><a href=\"http:\/\/www.jour-de-peche.com\/wp-content\/uploads\/2017\/01\/montbel-peche-verticale-decembre-09.jpg\"><img loading=\"lazy\" decoding=\"async\" class=\"alignnone wp-image-7061 size-thumbnail\" src=\"http:\/\/www.jour-de-peche.com\/wp-content\/uploads\/2017\/01\/montbel-peche-verticale-decembre-09-300x225.jpg\" alt=\"\" width=\"300\" height=\"225\" \/><\/a>[\/vc_column_text][vc_btn title=&#8221;Le r\u00e9cit de cette journ\u00e9e&#8230;&#8221; color=&#8221;juicy-pink&#8221; size=&#8221;sm&#8221; link=&#8221;url:http%3A%2F%2Fwww.jour-de-peche.com%2Fmontbel-peche-en-verticale-decembre-2%2F&#8221;][\/vc_column][vc_column width=&#8221;3\/4&#8243;][vc_column_text css=&#8221;.vc_custom_1660040854655{padding-top: 15px !important;}&#8221;]<strong><em>Commentaire du 28 janvier 2017 sur la page du r\u00e9cit.<br \/>\n<\/em><\/strong><\/p>\n<p>Toujours de tr\u00e8s bons moments pass\u00e9s avec St\u00e9phane qui a un don fantastique et du partage dans ses guidages.<\/p>\n<p>Chaque sortie est un plaisir<\/p>\n<p>Je le recommande vivement[\/vc_column_text][vc_column_text]<\/p>\n<p style=\"text-align: right;\"><strong><em>Bernard<\/em><\/strong><\/p>\n<p>[\/vc_column_text][\/vc_column][\/vc_row][vc_row][vc_column][vc_separator color=&#8221;mulled_wine&#8221;][\/vc_column][\/vc_row][vc_row][vc_column width=&#8221;1\/4&#8243;][vc_column_text]<strong><em>Aur\u00e9lien<\/em><\/strong><\/p>\n<p><a href=\"http:\/\/www.jour-de-peche.com\/wp-content\/uploads\/2015\/10\/aurelien-en-action-de-peche.jpg\"><img loading=\"lazy\" decoding=\"async\" class=\"alignnone wp-image-2915 size-thumbnail\" src=\"http:\/\/www.jour-de-peche.com\/wp-content\/uploads\/2015\/10\/aurelien-en-action-de-peche-300x225.jpg\" alt=\"Aur\u00e9lien\" width=\"300\" height=\"225\" \/><\/a>[\/vc_column_text][vc_btn title=&#8221;Le r\u00e9cit de cette journ\u00e9e&#8230;&#8221; color=&#8221;juicy-pink&#8221; size=&#8221;sm&#8221; link=&#8221;url:http%3A%2F%2Fwww.jour-de-peche.com%2Fpeche-aux-leurres-canal-du-midi-aude-11%2F&#8221;][\/vc_column][vc_column width=&#8221;3\/4&#8243;][vc_column_text css=&#8221;.vc_custom_1660040867418{padding-top: 15px !important;}&#8221;]<\/p>\n<p style=\"text-align: justify;\"><strong><em>Commentaires du 18 d\u00e9cembre 2016, via Bestoofish<\/em><\/strong><\/p>\n<p><em>Sur la page Montbel: <\/em><br \/>\nP\u00e9dagogue et passionn\u00e9 voil\u00e0 les deux mots qui me viennent. Une combinaison parfaite pour passer de superbes journ\u00e9es de p\u00eache pour apprendre et se perfectionner avec quelqu&#8217;un de comp\u00e9tent. Organisation irr\u00e9prochable pour des journ\u00e9es inoubliables. Je recommande st\u00e9phane.<\/p>\n<p><em>Sur la page Canal du Midi: <\/em><br \/>\nCela fait plus d&#8217;un an mais je me rappelle de tout ce que St\u00e9phane m&#8217;a appris ce jour l\u00e0 et je m&#8217;en sers \u00e0 l&#8217;heure actuelle et \u00e7a marche. Super journ\u00e9e pass\u00e9 avec st\u00e9phane en septembre 15 sur le canal des poissons et pleins de nouvelles cordes \u00e0 mon arc pour prendre du fish.[\/vc_column_text][vc_column_text]<\/p>\n<p style=\"text-align: right;\"><strong><em>Aur\u00e9lien<\/em><\/strong><\/p>\n<p>[\/vc_column_text][\/vc_column][\/vc_row][vc_row][vc_column][vc_separator color=&#8221;mulled_wine&#8221;][\/vc_column][\/vc_row][vc_row][vc_column width=&#8221;1\/4&#8243;][vc_column_text]<strong><em>R\u00e9mi<\/em><\/strong><\/p>\n<p><a href=\"http:\/\/www.jour-de-peche.com\/wp-content\/uploads\/2017\/01\/peche-verticale-montbel-sandres-perches-03.jpg\"><img loading=\"lazy\" decoding=\"async\" class=\"alignnone wp-image-7025 size-thumbnail\" src=\"http:\/\/www.jour-de-peche.com\/wp-content\/uploads\/2017\/01\/peche-verticale-montbel-sandres-perches-03-300x225.jpg\" alt=\"\" width=\"300\" height=\"225\" \/><\/a>[\/vc_column_text][vc_btn title=&#8221;Le r\u00e9cit de cette journ\u00e9e&#8230;&#8221; color=&#8221;juicy-pink&#8221; size=&#8221;sm&#8221; link=&#8221;url:http%3A%2F%2Fwww.jour-de-peche.com%2Fpeche-en-verticale-montbel-ariege%2F&#8221;][\/vc_column][vc_column width=&#8221;3\/4&#8243;][vc_column_text css=&#8221;.vc_custom_1660040889857{padding-top: 15px !important;}&#8221;]<\/p>\n<p style=\"text-align: justify;\"><strong><em>Commentaire du 6 d\u00e9cembre 2016, via Bestoofish<\/em><\/strong><\/p>\n<p>J&#8217;ai pass\u00e9 une super journ\u00e9e avec St\u00e9phane! Guide passionn\u00e9 et ultra sympa. J&#8217;ai appris beaucoup de chose \u00e0 ses c\u00f4t\u00e9s. Il a une excellente connaissance du lac, des techniques, des poissons&#8230;. En plus de \u00e7a, il organise tout m\u00eame le casse-cro\u00fbte! Je le recommande vivement&#8230;[\/vc_column_text][vc_column_text]<\/p>\n<p style=\"text-align: right;\"><strong><em>R\u00e9mi<\/em><\/strong><\/p>\n<p>[\/vc_column_text][\/vc_column][\/vc_row][vc_row][vc_column][vc_separator color=&#8221;mulled_wine&#8221;][\/vc_column][\/vc_row][vc_row][vc_column width=&#8221;1\/4&#8243;][vc_column_text]<strong><em>Jean-Michel<\/em><\/strong><\/p>\n<p><a href=\"http:\/\/www.jour-de-peche.com\/wp-content\/uploads\/2015\/01\/peche-en-kayak-montbel-09.jpg\"><img loading=\"lazy\" decoding=\"async\" class=\"alignnone wp-image-4893 size-thumbnail\" src=\"http:\/\/www.jour-de-peche.com\/wp-content\/uploads\/2015\/01\/peche-en-kayak-montbel-09-300x225.jpg\" alt=\"\" width=\"300\" height=\"225\" \/><\/a><\/p>\n<p style=\"text-align: center;\"><em>Pas de r\u00e9cit&#8230;<\/em><\/p>\n<p>[\/vc_column_text][\/vc_column][vc_column width=&#8221;3\/4&#8243;][vc_column_text css=&#8221;.vc_custom_1660040903074{padding-top: 15px !important;}&#8221;]<\/p>\n<p style=\"text-align: justify;\"><strong><em>Commentaire du 3 d\u00e9cembre 2016, via Bestoofish<\/em><\/strong><\/p>\n<p><em>Sur la page canal du midi:<\/em><br \/>\nUne tr\u00e8s belle journ\u00e9e en kayak biplace sur le lac de Montbel avec St\u00e9phane. C&#8217;est un guide que je recommande, professionnel et chaleureux, il m&#8217;a permis de vivre une exp\u00e9rience unique. Bravo et merci ![\/vc_column_text][vc_column_text]<\/p>\n<p style=\"text-align: right;\"><strong><em>Jean-Michel<\/em><\/strong><\/p>\n<p>[\/vc_column_text][\/vc_column][\/vc_row][vc_row][vc_column][vc_separator color=&#8221;mulled_wine&#8221;][\/vc_column][\/vc_row][vc_row][vc_column width=&#8221;1\/4&#8243;][vc_column_text]<strong><em>Benjamin<\/em><\/strong><\/p>\n<p><a href=\"http:\/\/www.jour-de-peche.com\/wp-content\/uploads\/2016\/10\/peche-montbel-octobre-carnassiers-18.jpg\"><img loading=\"lazy\" decoding=\"async\" class=\"alignnone wp-image-6861 size-thumbnail\" src=\"http:\/\/www.jour-de-peche.com\/wp-content\/uploads\/2016\/10\/peche-montbel-octobre-carnassiers-18-300x225.jpg\" alt=\"\" width=\"300\" height=\"225\" \/><\/a>[\/vc_column_text][vc_btn title=&#8221;Le r\u00e9cit de cette journ\u00e9e&#8230;&#8221; color=&#8221;juicy-pink&#8221; size=&#8221;sm&#8221; link=&#8221;url:http%3A%2F%2Fwww.jour-de-peche.com%2Fguide-de-peche-leurres-montbel-ariege%2F&#8221;][\/vc_column][vc_column width=&#8221;3\/4&#8243;][vc_column_text css=&#8221;.vc_custom_1660040914549{padding-top: 15px !important;}&#8221;]<\/p>\n<p style=\"text-align: justify;\"><strong><em>Commentaire du 1er d\u00e9cembre 2016, via Bestoofish<\/em><\/strong><\/p>\n<p>stephane? c est LE guide de p\u00eache. pedagogie, savoir faire, gentillesse, compr\u00e9hensif..il s adapte \u00e0 votre demande, votre niveau et aux conditions de p\u00eache. l&#8217;\u00e9quipement, quelle que soit la technique que vous voulez decouvrir ou perfectionner est impeccable, rien nest laiss\u00e9 au hasard. c&#8217;est toujours un plaisir de pecher avec lui, j&#8217;y envoie mes meilleurs amis. qu attendez vous?[\/vc_column_text][vc_column_text]<\/p>\n<p style=\"text-align: right;\"><strong><em>Benjamin<\/em><\/strong><\/p>\n<p>[\/vc_column_text][\/vc_column][\/vc_row][vc_row][vc_column][vc_separator color=&#8221;mulled_wine&#8221;][\/vc_column][\/vc_row][vc_row][vc_column width=&#8221;1\/4&#8243;][vc_column_text]<strong><em>Fabien<\/em><\/strong><\/p>\n<p><a href=\"http:\/\/www.jour-de-peche.com\/wp-content\/uploads\/2015\/12\/sandres-et-perches-lac-de-montbel-11.jpg\"><img loading=\"lazy\" decoding=\"async\" class=\"alignnone wp-image-4265 size-thumbnail\" src=\"http:\/\/www.jour-de-peche.com\/wp-content\/uploads\/2015\/12\/sandres-et-perches-lac-de-montbel-11-300x225.jpg\" alt=\"\" width=\"300\" height=\"225\" \/><\/a>[\/vc_column_text][vc_btn title=&#8221;Le r\u00e9cit de cette journ\u00e9e&#8230;&#8221; color=&#8221;juicy-pink&#8221; size=&#8221;sm&#8221; link=&#8221;url:http%3A%2F%2Fwww.jour-de-peche.com%2Fsandres-et-perches-au-lac-de-montbel-ariege%2F&#8221;][\/vc_column][vc_column width=&#8221;3\/4&#8243;][vc_column_text css=&#8221;.vc_custom_1660040925151{padding-top: 15px !important;}&#8221;]<\/p>\n<p style=\"text-align: justify;\"><strong><em>Commentaire du 1er d\u00e9cembre 2016, via Bestoofish<\/em><\/strong><\/p>\n<p>Ce guide porte bien son nom, il est gentil et concilient \ud83d\ude09 ce qui ne l&#8217;emp\u00eache pas d&#8217;\u00eatre un acharn\u00e9, un passionn\u00e9 des poissons: Il ne supporte pas de ne pas prendre ou faire prendre de poisson quelques soit les situations, donc attention mise en \u0153uvre de techniques diverses et vari\u00e9es pour trouver celle qui prends du poisson \u00e0 l&#8217;instant T. A chaque prise m\u00eame la plus modeste son \u0153il p\u00e9tille comme si c&#8217;\u00e9tait le premier poisson de sa vie, un vrai r\u00e9gal de partage.<\/p>\n<p>Il enseigne rigoureusement les techniques pratiqu\u00e9es, et ne vous l\u00e2che que quand la perfection est atteinte ou que vous le menacez de ne pas le payer \ud83d\ude42 . Mais au del\u00e0 de tout cela il respire le respect de la nature et des poissons :moteur \u00e9lectrique silence absolu, et pratique sans d\u00e9rogation le catch and release, le nokill, le sense mort &#8230; en vous expliquant pourquoi, tous cela dans un cadre idyllique: Montbel.<\/p>\n<p>Tarif imbattable pour une journ\u00e9e qui commencera de nuit et finira de nuit si vous le souhaitez.<\/p>\n<p>Aucune h\u00e9sitation.[\/vc_column_text][vc_column_text]<\/p>\n<p style=\"text-align: right;\"><strong><em>Fabien<\/em><\/strong><\/p>\n<p>[\/vc_column_text][\/vc_column][\/vc_row][vc_row][vc_column][vc_separator color=&#8221;mulled_wine&#8221;][\/vc_column][\/vc_row][vc_row][vc_column width=&#8221;1\/4&#8243;][vc_column_text]<strong><em>Fabrice<\/em><\/strong><\/p>\n<p><a href=\"http:\/\/www.jour-de-peche.com\/wp-content\/uploads\/2016\/08\/sandre-monbtel-ete-2016-03.jpg\"><img loading=\"lazy\" decoding=\"async\" class=\"alignnone wp-image-6423 size-thumbnail\" src=\"http:\/\/www.jour-de-peche.com\/wp-content\/uploads\/2016\/08\/sandre-monbtel-ete-2016-03-300x225.jpg\" alt=\"\" width=\"300\" height=\"225\" \/><\/a>[\/vc_column_text][vc_btn title=&#8221;Le r\u00e9cit de cette journ\u00e9e&#8230;&#8221; color=&#8221;juicy-pink&#8221; size=&#8221;sm&#8221; link=&#8221;url:http%3A%2F%2Fwww.jour-de-peche.com%2Fmontbel-sandres-ete-2016%2F&#8221;][\/vc_column][vc_column width=&#8221;3\/4&#8243;][vc_column_text css=&#8221;.vc_custom_1660040934512{padding-top: 15px !important;}&#8221;]<\/p>\n<p style=\"text-align: justify;\"><strong><em>Commentaire du 30 novembre 2016, via Bestoofish<\/em><\/strong><\/p>\n<p>J&#8217;ai souhait\u00e9 faire un guidage de peche aux leurres avec un pro pour m&#8217;apprendre et aussi me perfectionn\u00e9 dans toutes les techniques de peche qui puissent exist\u00e9 ok presque. Je doit dire que la p\u00e9dagogie et l&#8217;amour de la peche et de la nature de Stephane n&#8217;ont pas d&#8217;\u00e9gale ! Vraiment agr\u00e9ablement surpris de partager une journ\u00e9e de Peche avec un passionn\u00e9 qui en plus nous fait avoir des r\u00e9sultats !! Merci Stephane et \u00e0 bient\u00f4t[\/vc_column_text][vc_column_text]<\/p>\n<p style=\"text-align: right;\"><strong><em>Fabrice<\/em><\/strong><\/p>\n<p>[\/vc_column_text][\/vc_column][\/vc_row][vc_row][vc_column][vc_separator color=&#8221;mulled_wine&#8221;][\/vc_column][\/vc_row][vc_row][vc_column width=&#8221;1\/4&#8243;][vc_column_text]<strong><em>Dominique<\/em><\/strong><\/p>\n<p><a href=\"http:\/\/www.jour-de-peche.com\/wp-content\/uploads\/2016\/10\/peche-montbel-octobre-carnassiers-09.jpg\"><img loading=\"lazy\" decoding=\"async\" class=\"alignnone wp-image-6847 size-thumbnail\" src=\"http:\/\/www.jour-de-peche.com\/wp-content\/uploads\/2016\/10\/peche-montbel-octobre-carnassiers-09-300x225.jpg\" alt=\"\" width=\"300\" height=\"225\" \/><\/a>[\/vc_column_text][vc_btn title=&#8221;Le r\u00e9cit de cette journ\u00e9e&#8230;&#8221; color=&#8221;juicy-pink&#8221; size=&#8221;sm&#8221; link=&#8221;url:http%3A%2F%2Fwww.jour-de-peche.com%2Fguide-de-peche-leurres-montbel-ariege%2F&#8221;][\/vc_column][vc_column width=&#8221;3\/4&#8243;][vc_column_text css=&#8221;.vc_custom_1660040945011{padding-top: 15px !important;}&#8221;]<\/p>\n<p style=\"text-align: justify;\"><strong><em>Commentaire du 30 novembre 2016, via Bestoofish<\/em><\/strong><\/p>\n<p>Super journ\u00e9e de guidage avec St\u00e9phane, quelqu&#8217;un de tr\u00e8s passionn\u00e9 avec beaucoup de patience qui sera vous transmettre son savoir faire et ses valeurs de la p\u00eache . Vous ne pourrai pas mieux tomber pour partager une journ\u00e9e de p\u00eache,qui deviendra alors plus qu&#8217;une passion<\/p>\n<p>Ce fut pour moi une r\u00e9v\u00e9lation, le passage a une autre niveau , celui de l&#8217;addiction.<\/p>\n<p>Merci a lui et vous verrai de grandes journ\u00e9es vous attend en sa compagnie sur la route des lacs<\/p>\n<p>Dominique ( p\u00e9cheur du sud )[\/vc_column_text][vc_column_text]<\/p>\n<p style=\"text-align: right;\"><strong><em>Dominique<\/em><\/strong><\/p>\n<p>[\/vc_column_text][\/vc_column][\/vc_row][vc_row][vc_column][vc_separator color=&#8221;mulled_wine&#8221;][\/vc_column][\/vc_row][vc_row][vc_column width=&#8221;1\/4&#8243;][vc_column_text]<strong><em>Manu<\/em><\/strong><\/p>\n<p><a href=\"http:\/\/www.jour-de-peche.com\/wp-content\/uploads\/2017\/01\/montbel-verticale-04-sandre.jpg\"><img loading=\"lazy\" decoding=\"async\" class=\"alignnone wp-image-7140 size-thumbnail\" src=\"http:\/\/www.jour-de-peche.com\/wp-content\/uploads\/2017\/01\/montbel-verticale-04-sandre-300x225.jpg\" alt=\"\" width=\"300\" height=\"225\" \/><\/a>[\/vc_column_text][vc_btn title=&#8221;Le r\u00e9cit de cette journ\u00e9e&#8230;&#8221; color=&#8221;juicy-pink&#8221; size=&#8221;sm&#8221; link=&#8221;url:http%3A%2F%2Fwww.jour-de-peche.com%2Fmontbel-peche-en-verticale-decembre-5%2F&#8221;][\/vc_column][vc_column width=&#8221;3\/4&#8243;][vc_column_text css=&#8221;.vc_custom_1660039268408{padding-top: 15px !important;}&#8221;]<\/p>\n<p style=\"text-align: justify;\"><strong><em>Commentaire du 30 novembre 2016, via Bestoofish<\/em><\/strong><\/p>\n<p>St\u00e9phane est vraiment le guide id\u00e9al pour prendre du poisson.Pas avare de conseils il saura vous guider pour tout type de p\u00eache.Pour ma part il m&#8217;a fait prendre beaucoup de sandres alors que j&#8217;\u00e9tais novice en la mati\u00e8re.J&#8217;ai d\u00e9ja h\u00e2te de retourner au lac de Monbel avec mon pote Gino \u00e0 la fin du mois de d\u00e9cembre.Je vous le recommande vous ne serai pas d\u00e9\u00e7u.<\/p>\n<p>Manu .(le breton)[\/vc_column_text][vc_column_text]<\/p>\n<p style=\"text-align: right;\"><strong><em>Manu<\/em><\/strong><\/p>\n<p>[\/vc_column_text][\/vc_column][\/vc_row][vc_row][vc_column][vc_separator color=&#8221;mulled_wine&#8221;][\/vc_column][\/vc_row][vc_row][vc_column width=&#8221;1\/4&#8243;][vc_column_text]<strong><em>Julien<\/em><\/strong><\/p>\n<p><a href=\"http:\/\/www.jour-de-peche.com\/wp-content\/uploads\/2016\/01\/perche-lac-de-montbel-ariege-julien.jpg\"><img loading=\"lazy\" decoding=\"async\" class=\"alignnone wp-image-4506 size-thumbnail\" src=\"http:\/\/www.jour-de-peche.com\/wp-content\/uploads\/2016\/01\/perche-lac-de-montbel-ariege-julien-300x225.jpg\" alt=\"\" width=\"300\" height=\"225\" \/><\/a>[\/vc_column_text][vc_btn title=&#8221;Le r\u00e9cit de cette journ\u00e9e&#8230;&#8221; color=&#8221;juicy-pink&#8221; size=&#8221;sm&#8221; link=&#8221;url:http%3A%2F%2Fwww.jour-de-peche.com%2Fpeche-montbel-en-janvier%2F&#8221;][\/vc_column][vc_column width=&#8221;3\/4&#8243;][vc_column_text css=&#8221;.vc_custom_1660039316419{padding-top: 15px !important;}&#8221;]<\/p>\n<p style=\"text-align: justify;\"><strong><em>Commentaire du 30 novembre 2016, via Bestoofish<\/em><\/strong><\/p>\n<p>Super guide, sympa et attentif il vous enseignera diff\u00e9rentes techniques, id\u00e9al pour apprendre ou se perfectionner. Bien \u00e9quip\u00e9 avec un bateau allu et de multiples cannes. Journ\u00e9e de Peche tr\u00e8s instructive sur un lac poissonneux peupl\u00e9 de nombreux sandres et brochets mais aussi de perches et de silures.<\/p>\n<p>Pour r\u00e9sumer je vous le recommande.<\/p>\n<p>Gardez la P\u00e8che ;)[\/vc_column_text][vc_column_text]<\/p>\n<p style=\"text-align: right;\"><strong><em>Julien<\/em><\/strong><\/p>\n<p>[\/vc_column_text][\/vc_column][\/vc_row][vc_row][vc_column][vc_separator color=&#8221;mulled_wine&#8221;][\/vc_column][\/vc_row][vc_row][vc_column width=&#8221;1\/4&#8243;][vc_column_text]<strong><em>Dominique et Bernard<\/em><\/strong><\/p>\n<p><a href=\"http:\/\/www.jour-de-peche.com\/wp-content\/uploads\/2016\/10\/peche-montbel-octobre-carnassiers-08.jpg\"><img loading=\"lazy\" decoding=\"async\" class=\"alignnone wp-image-6845 size-thumbnail\" src=\"http:\/\/www.jour-de-peche.com\/wp-content\/uploads\/2016\/10\/peche-montbel-octobre-carnassiers-08-300x225.jpg\" alt=\"\" width=\"300\" height=\"225\" \/><\/a>[\/vc_column_text][vc_btn title=&#8221;Le r\u00e9cit de cette journ\u00e9e&#8230;&#8221; color=&#8221;juicy-pink&#8221; size=&#8221;sm&#8221; link=&#8221;url:http%3A%2F%2Fwww.jour-de-peche.com%2Fguide-de-peche-leurres-montbel-ariege%2F&#8221;][\/vc_column][vc_column width=&#8221;3\/4&#8243;][vc_column_text css=&#8221;.vc_custom_1477330362471{padding-top: 15px !important;}&#8221;]<\/p>\n<p style=\"text-align: justify;\"><strong><em>Samedi 24 octobre 2016<\/em><\/strong><\/p>\n<p>Salut<\/p>\n<p>Super photos qui r\u00e9sume une super journ\u00e9e&#8230;. tu nous a apris plein de choses &#8230; j&#8217;ai d\u00e9j\u00e0 hier mis ma tresse et fait mes noeuds avec succ\u00e8s . .. pour mon p\u00e8re il aura besoin d&#8217;aide.. .. donc on te dit \u00e0 bient\u00f4t pour une journ\u00e9e \u00e0 la verticale..<\/p>\n<p>On pouvait pas mieux tomber pour partager une journ\u00e9e de p\u00eache&#8230; merci pour ta patience et ton savoir faire&#8230;.. et de nous avoir fait partager ta passion et tes valeurs de la p\u00eache<\/p>\n<p>\u00c0 bient\u00f4t<\/p>\n<p>[\/vc_column_text][vc_column_text]<\/p>\n<p style=\"text-align: right;\"><strong><em>Dominique<br \/>\n<\/em><\/strong><\/p>\n<p>[\/vc_column_text][\/vc_column][\/vc_row][vc_row][vc_column][vc_separator color=&#8221;mulled_wine&#8221;][\/vc_column][\/vc_row][vc_row][vc_column width=&#8221;1\/4&#8243;][vc_column_text]<strong><em>Christophe<\/em><\/strong><br \/>\n<a href=\"http:\/\/www.jour-de-peche.com\/wp-content\/uploads\/2015\/01\/peche-perche-montbel.jpg\"><img loading=\"lazy\" decoding=\"async\" class=\"alignnone wp-image-6667 size-thumbnail\" src=\"http:\/\/www.jour-de-peche.com\/wp-content\/uploads\/2015\/01\/peche-perche-montbel-300x225.jpg\" alt=\"\" width=\"300\" height=\"225\" \/><\/a><\/p>\n<p style=\"text-align: center;\">\u00a0<em>Pas de r\u00e9cit&#8230;<\/em><\/p>\n<p>[\/vc_column_text][\/vc_column][vc_column width=&#8221;3\/4&#8243;][vc_column_text css=&#8221;.vc_custom_1474388116165{padding-top: 15px !important;}&#8221;]<\/p>\n<p style=\"text-align: justify;\"><strong><em>Par mail le 16 septembre 2016<\/em><\/strong><\/p>\n<p>Salut. Merci pour les photos. Ta technique marche du feu. Session de 2 h cet apr\u00e8s-midi au canal. 2 sandres et un brochet.<\/p>\n<p><strong><em>Par texto 2 jours apr\u00e8s, le 18 septembre 2016<\/em><\/strong><\/p>\n<p>Je te remercie encore une fois. Ce matin session de 3h dans le Gard. 6 brochets pris, 4 d\u00e9croch\u00e9s, tous fait avec ta technique (\u00e0 la retomb\u00e9e) sauf un.[\/vc_column_text][vc_column_text]<\/p>\n<p style=\"text-align: right;\"><strong><em>Christophe<\/em><\/strong><\/p>\n<p>[\/vc_column_text][\/vc_column][\/vc_row][vc_row][vc_column][vc_separator color=&#8221;mulled_wine&#8221;][\/vc_column][\/vc_row][vc_row][vc_column width=&#8221;1\/4&#8243;][vc_column_text]<strong><em>Manu<br \/>\n<\/em><\/strong><a href=\"http:\/\/www.jour-de-peche.com\/wp-content\/uploads\/2016\/09\/sandre-montbel-shad-07.jpg\"><img loading=\"lazy\" decoding=\"async\" class=\"alignnone wp-image-6614 size-thumbnail\" src=\"http:\/\/www.jour-de-peche.com\/wp-content\/uploads\/2016\/09\/sandre-montbel-shad-07-300x225.jpg\" alt=\"\" width=\"300\" height=\"225\" \/><\/a>[\/vc_column_text][vc_btn title=&#8221;Le r\u00e9cit de cette journ\u00e9e&#8230;&#8221; color=&#8221;juicy-pink&#8221; size=&#8221;sm&#8221; link=&#8221;url:http%3A%2F%2Fwww.jour-de-peche.com%2Fmontbel-sandres-et-silure-en-septembre%2F&#8221;][\/vc_column][vc_column width=&#8221;3\/4&#8243;][vc_column_text css=&#8221;.vc_custom_1474035983149{padding-top: 15px !important;}&#8221;]<\/p>\n<p style=\"text-align: justify;\"><strong><em>Samedi 10 septembre 2016<\/em><\/strong><\/p>\n<p>Grand moment aujourd&#8217;hui dans un lac de l&#8217;Ari\u00e8ge 20 poissons dont un silure d&#8217;1m82 estim\u00e9 \u00e0 environ 40 kgs avec mon copain Gino et St\u00e9phane Le Gentilhomme guide de p\u00eache super pro et aussi tr\u00e8s sympa. Je vous le conseille!<\/p>\n<p>Manu<\/p>\n<p>[\/vc_column_text][vc_column_text]<\/p>\n<p style=\"text-align: right;\"><strong><em>Manu<br \/>\n<\/em><\/strong><\/p>\n<p>[\/vc_column_text][\/vc_column][\/vc_row][vc_row][vc_column][vc_separator color=&#8221;mulled_wine&#8221;][\/vc_column][\/vc_row][vc_row][vc_column width=&#8221;1\/4&#8243;][vc_column_text]<strong><em>Gino et Enzo<br \/>\n<\/em><\/strong><\/p>\n<p><a href=\"http:\/\/www.jour-de-peche.com\/wp-content\/uploads\/2016\/06\/14-montbel-lac-12-brochet.jpg\"><img loading=\"lazy\" decoding=\"async\" class=\"alignnone wp-image-5660 size-thumbnail\" src=\"http:\/\/www.jour-de-peche.com\/wp-content\/uploads\/2016\/06\/14-montbel-lac-12-brochet-300x225.jpg\" alt=\"\" width=\"300\" height=\"225\" \/><\/a>[\/vc_column_text][vc_btn title=&#8221;Le r\u00e9cit de cette journ\u00e9e&#8230;&#8221; color=&#8221;juicy-pink&#8221; size=&#8221;sm&#8221; link=&#8221;url:http%3A%2F%2Fwww.jour-de-peche.com%2Fsandres-perche-brochet-lac-de-montbel%2F&#8221;][\/vc_column][vc_column width=&#8221;3\/4&#8243;][vc_column_text css=&#8221;.vc_custom_1465465505466{padding-top: 15px !important;}&#8221;]<\/p>\n<p style=\"text-align: justify;\"><strong><em>Samedi 28 mai 2016<\/em><\/strong><\/p>\n<p>Bonsoir St\u00e9phane,<\/p>\n<p>Merci \u00e0 toi pour cette superbe journ\u00e9e durant laquelle tu as su partager ta passion et ton savoir-faire. Apr\u00e8s trente ans de p\u00eache, j\u2019ai appris beaucoup de choses \u00e0 tes c\u00f4t\u00e9s et mon fiston a enfin retrouv\u00e9 l\u2019envie de me suivre sur l\u2019eau.(n\u2019oublies pas de nous r\u00e9server une journ\u00e9e pour une sortie en verticale\u2026)<\/p>\n<p>A tr\u00e8s bient\u00f4t.<\/p>\n<p>Gino et Enzo<\/p>\n<p>Amis p\u00eacheurs, n\u2019h\u00e9sitez plus, cette journ\u00e9e est une exp\u00e9rience \u00e0 vivre absolument!!![\/vc_column_text][vc_column_text]<\/p>\n<p style=\"text-align: right;\"><strong><em>Gino et Enzo<br \/>\n<\/em><\/strong><\/p>\n<p>[\/vc_column_text][\/vc_column][\/vc_row][vc_row][vc_column][vc_separator color=&#8221;mulled_wine&#8221;][\/vc_column][\/vc_row][vc_row][vc_column width=&#8221;1\/4&#8243;][vc_column_text]<strong><em>Jean-Fran\u00e7ois<\/em><\/strong><\/p>\n<p><a href=\"http:\/\/www.jour-de-peche.com\/wp-content\/uploads\/2016\/05\/peche-sandre-lac-montbel-16.jpg\"><img loading=\"lazy\" decoding=\"async\" class=\"alignnone size-thumbnail wp-image-5467\" src=\"http:\/\/www.jour-de-peche.com\/wp-content\/uploads\/2016\/05\/peche-sandre-lac-montbel-16-300x225.jpg\" alt=\"\" width=\"300\" height=\"225\" \/><\/a>[\/vc_column_text][vc_btn title=&#8221;Le r\u00e9cit de cette journ\u00e9e&#8230;&#8221; color=&#8221;juicy-pink&#8221; size=&#8221;sm&#8221; link=&#8221;url:http%3A%2F%2Fwww.jour-de-peche.com%2Fguidage-montbel-sandres-en-lineaire%2F&#8221;][\/vc_column][vc_column width=&#8221;3\/4&#8243;][vc_column_text css=&#8221;.vc_custom_1462780698503{padding-top: 15px !important;}&#8221;]<\/p>\n<p style=\"text-align: justify;\"><strong><em>Jeudi 5 mai 2016<\/em><\/strong><\/p>\n<p>Bonsoir St\u00e9phane !<br \/>\nJe profite de ton livre d&#8217;or pour te remercier de cette tr\u00e8s belle journ\u00e9e pass\u00e9e en ta compagnie avec une m\u00e9t\u00e9o favorable \u00e0 la d\u00e9couverte de la p\u00eache aux carnassiers.<br \/>\nJ&#8217;ai beaucoup appr\u00e9ci\u00e9 et te confirme avoir bel et bien attrap\u00e9 le virus de la p\u00eache aux leurres.<br \/>\nMerci \u00e0 toi de partager ta passion avec autant d&#8217;entrain.<br \/>\nAmicalement.<br \/>\nJean-Fran\u00e7ois<\/p>\n<p>[\/vc_column_text][vc_column_text]<\/p>\n<p style=\"text-align: right;\"><strong><em>Jean-Fran\u00e7ois<\/em><\/strong><\/p>\n<p>[\/vc_column_text][\/vc_column][\/vc_row][vc_row][vc_column][vc_separator color=&#8221;mulled_wine&#8221;][\/vc_column][\/vc_row][vc_row][vc_column width=&#8221;1\/4&#8243;][vc_column_text]<strong><em>Jean-Pierre<\/em><\/strong><br \/>\n<a href=\"http:\/\/www.jour-de-peche.com\/wp-content\/uploads\/2016\/01\/sandre-lac-de-montbel-ariege-jean-pierre.jpg\"><img loading=\"lazy\" decoding=\"async\" class=\"alignnone size-thumbnail wp-image-4523\" src=\"http:\/\/www.jour-de-peche.com\/wp-content\/uploads\/2016\/01\/sandre-lac-de-montbel-ariege-jean-pierre-300x225.jpg\" alt=\"\" width=\"300\" height=\"225\" \/><\/a>[\/vc_column_text][vc_btn title=&#8221;Le r\u00e9cit de cette journ\u00e9e&#8230;&#8221; color=&#8221;juicy-pink&#8221; size=&#8221;sm&#8221; link=&#8221;url:http%3A%2F%2Fwww.jour-de-peche.com%2Fpeche-montbel-en-janvier%2F&#8221;][\/vc_column][vc_column width=&#8221;3\/4&#8243;][vc_column_text css=&#8221;.vc_custom_1455374904879{padding-top: 15px !important;}&#8221;]<\/p>\n<p style=\"text-align: justify;\"><strong><em>21 janvier 2016<\/em><\/strong><\/p>\n<p style=\"text-align: justify;\">Merci encore pour cette journ\u00e9e. Dommage que ma voiture ne puisse \u00eatre \u00e9quip\u00e9e de ce qu\u2019il faut pour tirer une remorque, je crois que je serai oblig\u00e9 de passer au kayak sur le toit\u2026<br \/>\nEn tout cas au printemps pour une sortie aux brocs\u2026 pourquoi pas en kayak ?<br \/>\nExcellent souvenir d\u2019une si belle journ\u00e9e pass\u00e9e en ta compagnie. Amiti\u00e9s.<\/p>\n<div style=\"text-align: justify;\"><\/div>\n<p>[\/vc_column_text][vc_column_text]<\/p>\n<p style=\"text-align: right;\"><strong><em>Jean-Pierre<\/em><\/strong><\/p>\n<p>[\/vc_column_text][\/vc_column][\/vc_row][vc_row][vc_column][vc_separator color=&#8221;mulled_wine&#8221;][\/vc_column][\/vc_row][vc_row][vc_column width=&#8221;1\/4&#8243;][vc_column_text]<strong><em>S\u00e9bastien et Damien<\/em><\/strong><br \/>\n<a href=\"http:\/\/www.jour-de-peche.com\/wp-content\/uploads\/2016\/01\/brochet-lac-de-montbel-ariege-sebastien.jpg\"><img loading=\"lazy\" decoding=\"async\" class=\"alignnone wp-image-4512 size-thumbnail\" src=\"http:\/\/www.jour-de-peche.com\/wp-content\/uploads\/2016\/01\/brochet-lac-de-montbel-ariege-sebastien-300x225.jpg\" alt=\"\" width=\"300\" height=\"225\" \/><\/a>[\/vc_column_text][vc_btn title=&#8221;Le r\u00e9cit de cette journ\u00e9e&#8230;&#8221; color=&#8221;juicy-pink&#8221; size=&#8221;sm&#8221; link=&#8221;url:http%3A%2F%2Fwww.jour-de-peche.com%2Fpeche-montbel-en-janvier%2F&#8221;][\/vc_column][vc_column width=&#8221;3\/4&#8243;][vc_column_text css=&#8221;.vc_custom_1455809196263{padding-top: 15px !important;}&#8221;]<\/p>\n<p style=\"text-align: justify;\"><strong><em>20 janvier 2016<\/em><\/strong><\/p>\n<p style=\"text-align: justify;\">Slt st\u00e9phane, merci pour les photos et pour cette belle journ\u00e9e de p\u00eache &#8220;&#8230;&#8221; encore merci pour tes pr\u00e9cieux conseils qui je l&#8217;esp\u00e8re nous seront utiles pour nos prochaines sorties. D&#8217;ailleurs peux tu me dire quel diam\u00e8tre de bas de ligne tu utilises pour le plomb palette et pour la verticale? je n&#8217;ai pas tout retenu \ud83d\ude09 .<\/p>\n<div style=\"text-align: justify;\">\n<p>Encore un grand merci, on se reverra certainement au printemps. A bient\u00f4t, n&#8217;h\u00e9site pas \u00e0 envoyer des nouvelles.<\/p>\n<div><\/div>\n<\/div>\n<p>[\/vc_column_text][vc_column_text]<\/p>\n<p style=\"text-align: right;\"><strong><em>S\u00e9bastien<\/em><\/strong><\/p>\n<p>[\/vc_column_text][\/vc_column][\/vc_row][vc_row][vc_column][vc_separator color=&#8221;mulled_wine&#8221;][\/vc_column][\/vc_row][vc_row][vc_column width=&#8221;1\/4&#8243;][vc_column_text]<strong><em>Julien<\/em><\/strong><br \/>\n<a href=\"http:\/\/www.jour-de-peche.com\/wp-content\/uploads\/2016\/01\/perche-lac-de-montbel-ariege-julien.jpg\"><img loading=\"lazy\" decoding=\"async\" class=\"alignnone wp-image-4506 size-thumbnail\" src=\"http:\/\/www.jour-de-peche.com\/wp-content\/uploads\/2016\/01\/perche-lac-de-montbel-ariege-julien-300x225.jpg\" alt=\"\" width=\"300\" height=\"225\" \/><\/a>[\/vc_column_text][vc_btn title=&#8221;Le r\u00e9cit de cette journ\u00e9e&#8230;&#8221; color=&#8221;juicy-pink&#8221; size=&#8221;sm&#8221; link=&#8221;url:http%3A%2F%2Fwww.jour-de-peche.com%2Fpeche-montbel-en-janvier%2F&#8221;][\/vc_column][vc_column width=&#8221;3\/4&#8243;][vc_column_text css=&#8221;.vc_custom_1455374976672{padding-top: 15px !important;}&#8221;]<\/p>\n<p style=\"text-align: justify;\"><strong><em>18 janvier 2016<\/em><\/strong><\/p>\n<div>Aujourd&#8217;hui, essai de mon float tube,<\/div>\n<div>1 sandre de 65 au plomb palette et 2 sandres de 60 et 73 \u00e0 la verticale !!<\/div>\n<div>GOOD technique !!<\/div>\n<p>&nbsp;<\/p>\n<div style=\"text-align: justify;\"><\/div>\n<p>[\/vc_column_text][vc_column_text]<\/p>\n<p style=\"text-align: right;\"><strong><em>Julien<\/em><\/strong><\/p>\n<p>[\/vc_column_text][\/vc_column][\/vc_row][vc_row][vc_column][vc_separator color=&#8221;mulled_wine&#8221;][\/vc_column][\/vc_row][vc_row][vc_column width=&#8221;1\/4&#8243;][vc_column_text]<strong><em>Paul et Guillaume<\/em><\/strong><br \/>\n<a href=\"http:\/\/www.jour-de-peche.com\/wp-content\/uploads\/2015\/11\/peche-carnassiers-lac-de-montbel-12.jpg\"><img loading=\"lazy\" decoding=\"async\" class=\"alignnone size-thumbnail wp-image-4001\" src=\"http:\/\/www.jour-de-peche.com\/wp-content\/uploads\/2015\/11\/peche-carnassiers-lac-de-montbel-12-300x225.jpg\" alt=\"\" width=\"300\" height=\"225\" \/><\/a>[\/vc_column_text][vc_btn title=&#8221;Le r\u00e9cit de cette journ\u00e9e&#8230;&#8221; color=&#8221;juicy-pink&#8221; size=&#8221;sm&#8221; link=&#8221;url:http%3A%2F%2Fwww.jour-de-peche.com%2Fpeche-initiation-lac-de-montbel-ariege%2F&#8221;][\/vc_column][vc_column width=&#8221;3\/4&#8243;][vc_column_text css=&#8221;.vc_custom_1455375548719{padding-top: 15px !important;}&#8221;]<\/p>\n<p style=\"text-align: justify;\"><strong><em>10 novembre 2015<br \/>\n<\/em><\/strong><\/p>\n<p>Bonsoir St\u00e9phane,<br \/>\nJe te remercie pour l&#8217;envoi des photos et encore plus pour cette agr\u00e9able s\u00e9ance de p\u00eache.<br \/>\nMerci encore pour ta p\u00e9dagogie et ta patience.<br \/>\nA tr\u00e8s bient\u00f4t,<br \/>\nCordialement,[\/vc_column_text][vc_column_text]<\/p>\n<p style=\"text-align: right;\"><strong><em>Paul<\/em><\/strong><\/p>\n<p>[\/vc_column_text][\/vc_column][\/vc_row][vc_row][vc_column][vc_separator color=&#8221;mulled_wine&#8221;][\/vc_column][\/vc_row][vc_row][vc_column width=&#8221;1\/4&#8243;][vc_column_text]<strong><em>Laurent<\/em><\/strong><br \/>\n<a href=\"http:\/\/www.jour-de-peche.com\/wp-content\/uploads\/2015\/10\/sandre-lac-de-montbel-laurent.jpg\"><img loading=\"lazy\" decoding=\"async\" class=\"alignnone size-thumbnail wp-image-3201\" src=\"http:\/\/www.jour-de-peche.com\/wp-content\/uploads\/2015\/10\/sandre-lac-de-montbel-laurent-300x225.jpg\" alt=\"\" width=\"300\" height=\"225\" \/><\/a>[\/vc_column_text][vc_btn title=&#8221;Le r\u00e9cit de cette journ\u00e9e&#8230;&#8221; color=&#8221;juicy-pink&#8221; size=&#8221;sm&#8221; link=&#8221;url:http%3A%2F%2Fwww.jour-de-peche.com%2Fmontbel-peche-aux-leurre-automne-2015%2F&#8221;][\/vc_column][vc_column width=&#8221;3\/4&#8243;][vc_column_text css=&#8221;.vc_custom_1455376056339{padding-top: 15px !important;}&#8221;]<\/p>\n<p style=\"text-align: justify;\"><strong><em>3 octobre 2015<br \/>\n<\/em><\/strong><\/p>\n<p>Salut stephane .<br \/>\nTon site est super bien fait avec de nombreuses photos et explications , c&#8217;est avec plaisir<br \/>\nque je participe a cette r\u00e9alisation et te donne mon autorisation .<br \/>\nCe site m\u00e9rite que l&#8217;on si attarde et que celui ci pousse les pecheurs en herbe a d\u00e9couvrir cette passion qui vit en toi .<br \/>\nMerci encore pour ces deux journ\u00e9es .<br \/>\nBonne continuation et <em>&#8220;5 lettres&#8221;<\/em> surtout !!!!!!!!!!!![\/vc_column_text][vc_column_text]<\/p>\n<p style=\"text-align: right;\"><strong><em>Laurent<\/em><\/strong><\/p>\n<p>[\/vc_column_text][\/vc_column][\/vc_row][vc_row][vc_column][vc_separator color=&#8221;mulled_wine&#8221;][\/vc_column][\/vc_row][vc_row][vc_column width=&#8221;1\/4&#8243;][vc_column_text]<strong><em>Patrick<\/em><\/strong><br \/>\n<a href=\"http:\/\/www.jour-de-peche.com\/wp-content\/uploads\/2014\/10\/truite-fario-peche-irlande.jpg\"><img loading=\"lazy\" decoding=\"async\" class=\"alignnone size-thumbnail wp-image-125\" src=\"http:\/\/www.jour-de-peche.com\/wp-content\/uploads\/2014\/10\/truite-fario-peche-irlande-300x225.jpg\" alt=\"Petite truite prise \u00e0 la mouche par Patrick.\" width=\"300\" height=\"225\" \/><\/a>[\/vc_column_text][vc_btn title=&#8221;Le r\u00e9cit de cette journ\u00e9e&#8230;&#8221; color=&#8221;juicy-pink&#8221; size=&#8221;sm&#8221; link=&#8221;url:http%3A%2F%2Fwww.jour-de-peche.com%2Fen-famille-au-bord-dun-lac-en-irlande%2F&#8221;][\/vc_column][vc_column width=&#8221;3\/4&#8243;][vc_column_text css=&#8221;.vc_custom_1455377146209{padding-top: 15px !important;}&#8221;]<\/p>\n<p style=\"text-align: justify;\"><strong><em>6 septembre 2015 <\/em><\/strong><em>(commentaire li\u00e9 au r\u00e9cit <a title=\"R\u00e9cit P\u00eache mouche, Ari\u00e8ge\" href=\"https:\/\/www.jour-de-peche.com\/en\/peche-a-la-mouche-ariege-09\/\" target=\"_blank\" rel=\"noopener\">P\u00eache mouche, Ari\u00e8ge<\/a>)<strong><br \/>\n<\/strong><\/em><\/p>\n<p>Bonsoir St\u00e9phane<br \/>\nNous avons \u00e9t\u00e9 heureux avec mon \u00e9pouse d\u2019avoir de vos nouvelles de p\u00eache.<br \/>\nJe crois que j\u2019ai pris le virus du p\u00eacheur.En effet, samedi matin lev\u00e9 6 h d\u00e9part pour l\u2019Aubrac d\u2019Albi une r\u00e9gion que je ne connaissais pas mais cela faisait quelque temps que cela me travaillait.<br \/>\nArriv\u00e9 en Loz\u00e8re \u00e0 9h et \u00e0 11h je sors 2 farios de 22c en s\u00e8che.<br \/>\nMerci pour votre enseignement lors de notre voyage familial en IRLANDE.[\/vc_column_text][vc_column_text]<\/p>\n<p style=\"text-align: right;\"><strong><em>Patrick<br \/>\n<\/em><\/strong><\/p>\n<p>[\/vc_column_text][\/vc_column][\/vc_row][vc_row][vc_column][vc_separator color=&#8221;mulled_wine&#8221;][\/vc_column][\/vc_row][vc_row][vc_column width=&#8221;1\/4&#8243;][vc_column_text]<strong><em>Thomas et Cl\u00e9ment<\/em><\/strong><br \/>\n<a href=\"http:\/\/www.jour-de-peche.com\/wp-content\/uploads\/2015\/08\/lac-de-montbel-brochet-aux-leurres.jpg\"><img loading=\"lazy\" decoding=\"async\" class=\"alignnone size-thumbnail wp-image-2452\" src=\"http:\/\/www.jour-de-peche.com\/wp-content\/uploads\/2015\/08\/lac-de-montbel-brochet-aux-leurres-300x225.jpg\" alt=\"Un brochet de 65 cm pour Cl\u00e9ment\" width=\"300\" height=\"225\" \/><\/a>[\/vc_column_text][vc_btn title=&#8221;Le r\u00e9cit de cette journ\u00e9e&#8230;&#8221; color=&#8221;juicy-pink&#8221; size=&#8221;sm&#8221; link=&#8221;url:http%3A%2F%2Fwww.jour-de-peche.com%2Flac-de-montbel-perches-brochets%2F&#8221;][\/vc_column][vc_column width=&#8221;3\/4&#8243;][vc_column_text css=&#8221;.vc_custom_1455790328339{padding-top: 15px !important;}&#8221;]<\/p>\n<p style=\"text-align: justify;\"><strong><em>29 juillet 2015<\/em><\/strong><em><strong><br \/>\n<\/strong><\/em><\/p>\n<p>Salut St\u00e9phane ,<\/p>\n<p>Merci beaucoup pour cette m\u00e9ga journ\u00e9e de p\u00e8che avec vous .<\/p>\n<p>J&#8217;esp\u00e8re que on se reverra au bord l&#8217;eau . ;)[\/vc_column_text][vc_column_text]<\/p>\n<p style=\"text-align: right;\"><strong><em>Thomas<br \/>\n<\/em><\/strong><\/p>\n<p>[\/vc_column_text][\/vc_column][\/vc_row][vc_row][vc_column][vc_separator color=&#8221;mulled_wine&#8221;][\/vc_column][\/vc_row][vc_row][vc_column width=&#8221;1\/4&#8243;][vc_column_text]<strong><em>Ioana et Patrick<\/em><\/strong><br \/>\n<a href=\"http:\/\/www.jour-de-peche.com\/wp-content\/uploads\/2015\/01\/peche-hers-vif-ariege-09.jpg\"><img loading=\"lazy\" decoding=\"async\" class=\"alignnone size-thumbnail wp-image-4891\" src=\"http:\/\/www.jour-de-peche.com\/wp-content\/uploads\/2015\/01\/peche-hers-vif-ariege-09-300x225.jpg\" alt=\"\" width=\"300\" height=\"225\" \/><\/a><\/p>\n<p style=\"text-align: center;\"><em>Pas de r\u00e9cit&#8230;<\/em><\/p>\n<p>[\/vc_column_text][\/vc_column][vc_column width=&#8221;3\/4&#8243;][vc_column_text css=&#8221;.vc_custom_1455794345540{padding-top: 15px !important;}&#8221;]<\/p>\n<p style=\"text-align: justify;\"><strong><em>22 juillet 2015<\/em><\/strong><em><strong><br \/>\n<\/strong><\/em><\/p>\n<p>Coucou Steph,<br \/>\nMerci pour ces photos tr\u00e8s r\u00e9ussies.<br \/>\nNous avons pass\u00e9 un super s\u00e9jour dans le pays des cathares. Tu as d\u00e9nich\u00e9 de petits coins nature et sites qu\u2019autrement nous n\u2019aurions pas vus.<br \/>\nJe me suis amus\u00e9e comme une folle lors de mes premiers pas dans l\u2019apprentissage de technique de p\u00eache &#8211; les photos en sont les t\u00e9moins-.[\/vc_column_text][vc_column_text]<\/p>\n<p style=\"text-align: right;\"><strong><em>Ioana<br \/>\n<\/em><\/strong><\/p>\n<p>[\/vc_column_text][\/vc_column][\/vc_row][vc_row][vc_column][vc_separator color=&#8221;mulled_wine&#8221;][\/vc_column][\/vc_row][vc_row][vc_column width=&#8221;1\/4&#8243;][vc_column_text]<strong><em>Christophe et Pierre<\/em><\/strong><br \/>\n<a href=\"http:\/\/www.jour-de-peche.com\/wp-content\/uploads\/2015\/08\/perches-aux-leurres-de-surface-montbel-ariege.jpg\"><img loading=\"lazy\" decoding=\"async\" class=\"alignnone size-thumbnail wp-image-2416\" src=\"http:\/\/www.jour-de-peche.com\/wp-content\/uploads\/2015\/08\/perches-aux-leurres-de-surface-montbel-ariege-300x225.jpg\" alt=\"\" width=\"300\" height=\"225\" \/><\/a>[\/vc_column_text][vc_btn title=&#8221;Le r\u00e9cit de cette journ\u00e9e&#8230;&#8221; color=&#8221;juicy-pink&#8221; size=&#8221;sm&#8221; link=&#8221;url:http%3A%2F%2Fwww.jour-de-peche.com%2Flac-de-montbel-ariege-peche-aux-leurres-de-surface%2F&#8221;][\/vc_column][vc_column width=&#8221;3\/4&#8243;][vc_column_text css=&#8221;.vc_custom_1455376374744{padding-top: 15px !important;}&#8221;]<\/p>\n<p style=\"text-align: justify;\"><strong><em>16 juillet 2015<br \/>\n<\/em><\/strong><\/p>\n<p>Encore un grand merci \u00e0 St\u00e9phane pour cette partie de p\u00eache super sympa et un guide qui l\u2019est encore plus, journ\u00e9e inoubliable que nous ne manquerons pas, mon fils et moi m\u00eame, de renouveler en compagnie de Super St\u00e9phane![\/vc_column_text][vc_column_text]<\/p>\n<p style=\"text-align: right;\"><strong><em>Christophe<\/em><\/strong><\/p>\n<p>[\/vc_column_text][\/vc_column][\/vc_row][vc_row][vc_column][vc_separator color=&#8221;mulled_wine&#8221;][\/vc_column][\/vc_row][vc_row][vc_column width=&#8221;1\/4&#8243;][vc_column_text]<strong><em>Paul<\/em><\/strong><br \/>\n<a href=\"http:\/\/www.jour-de-peche.com\/wp-content\/uploads\/2015\/08\/peche-perche-lac-de-montbel-09-ariege.jpg\"><img loading=\"lazy\" decoding=\"async\" class=\"alignnone size-thumbnail wp-image-2535\" src=\"http:\/\/www.jour-de-peche.com\/wp-content\/uploads\/2015\/08\/peche-perche-lac-de-montbel-09-ariege-300x225.jpg\" alt=\"\" width=\"300\" height=\"225\" \/><\/a>[\/vc_column_text][vc_btn title=&#8221;Le r\u00e9cit de cette journ\u00e9e&#8230;&#8221; color=&#8221;juicy-pink&#8221; size=&#8221;sm&#8221; link=&#8221;url:http%3A%2F%2Fwww.jour-de-peche.com%2Fles-perches-de-paul-lac-de-montbel%2F&#8221;][\/vc_column][vc_column width=&#8221;3\/4&#8243;][vc_column_text css=&#8221;.vc_custom_1455800164514{padding-top: 15px !important;}&#8221;]<\/p>\n<p style=\"text-align: justify;\"><strong><em>13 et 14 juillet 2015<br \/>\n<\/em><\/strong><\/p>\n<p>Bonjour St\u00e9phane,<br \/>\nTr\u00e8s beau site m\u00eame quand on n&#8217;y conna\u00eet pas grand-chose aux poissons ! F\u00e9licitations.<br \/>\nOn vient de visionner les photos avec Paul &#8220;&#8230;&#8221; Il me laisse r\u00e9pondre au mail mais confirme qu&#8217;il a pass\u00e9 un tr\u00e8s bon moment dans une bonne ambiance. Il \u00e9tait tr\u00e8s content de cette exp\u00e9rience. &#8220;&#8230;&#8221;<br \/>\nVous souhaitant une bonne continuation,<br \/>\nBien \u00e0 vous[\/vc_column_text][vc_column_text]<\/p>\n<p style=\"text-align: right;\"><strong><em>Estelle et Paul<br \/>\n<\/em><\/strong><\/p>\n<p>[\/vc_column_text][\/vc_column][\/vc_row][vc_row][vc_column][vc_separator color=&#8221;mulled_wine&#8221;][\/vc_column][\/vc_row][vc_row][vc_column width=&#8221;1\/4&#8243;][vc_column_text]<strong><em>Patrick et Thibaut<\/em><\/strong><br \/>\n<a href=\"http:\/\/www.jour-de-peche.com\/wp-content\/uploads\/2015\/08\/brochet-irlande-en-grand-lac.jpg\"><img loading=\"lazy\" decoding=\"async\" class=\"alignnone size-thumbnail wp-image-2599\" src=\"http:\/\/www.jour-de-peche.com\/wp-content\/uploads\/2015\/08\/brochet-irlande-en-grand-lac-300x225.jpg\" alt=\"\" width=\"300\" height=\"225\" \/><\/a>[\/vc_column_text][vc_btn title=&#8221;Le r\u00e9cit de cette journ\u00e9e&#8230;&#8221; color=&#8221;juicy-pink&#8221; size=&#8221;sm&#8221; link=&#8221;url:http%3A%2F%2Fwww.jour-de-peche.com%2Fpeche-en-irlande-gros-brochets%2F&#8221;][\/vc_column][vc_column width=&#8221;3\/4&#8243;][vc_column_text css=&#8221;.vc_custom_1455378693238{padding-top: 15px !important;}&#8221;]<\/p>\n<p style=\"text-align: justify;\"><strong><em>23 juin 2015<br \/>\n<\/em><\/strong><\/p>\n<p>Super poisson, il fallait en plus de la chance, un tr\u00e8s bon guide.<\/p>\n<p>Il fallait juste, \u00eatre au bon endroit au bon moment et avec le bon leurre.<\/p>\n<p>C\u2019\u00e9tait super sympa et puis c\u2019est quand m\u00eame le plus joli poisson que j\u2019ai pris, et \u00e7a ce n\u2019est par rien (pour moi \u00e9videmment).[\/vc_column_text][vc_column_text]<\/p>\n<p style=\"text-align: right;\"><strong><em>Patrick<\/em><\/strong><\/p>\n<p>[\/vc_column_text][\/vc_column][\/vc_row][vc_row][vc_column][vc_separator color=&#8221;mulled_wine&#8221;][\/vc_column][\/vc_row][vc_row][vc_column width=&#8221;1\/4&#8243;][vc_column_text]<strong><em>Serge et Olivier<\/em><\/strong><br \/>\n<a href=\"http:\/\/www.jour-de-peche.com\/wp-content\/uploads\/2015\/08\/Serge-brochet-104-cm.jpg\"><img loading=\"lazy\" decoding=\"async\" class=\"alignnone size-thumbnail wp-image-2386\" src=\"http:\/\/www.jour-de-peche.com\/wp-content\/uploads\/2015\/08\/Serge-brochet-104-cm-300x225.jpg\" alt=\"Et Serge avec un poisson d'1,04 m\u00e8tre!\" width=\"300\" height=\"225\" \/><\/a>[\/vc_column_text][vc_btn title=&#8221;Le r\u00e9cit de cette journ\u00e9e&#8230;&#8221; color=&#8221;juicy-pink&#8221; size=&#8221;sm&#8221; link=&#8221;url:http%3A%2F%2Fwww.jour-de-peche.com%2Fsejour-peche-en-irlande-juin-2015%2F&#8221;][\/vc_column][vc_column width=&#8221;3\/4&#8243;][vc_column_text css=&#8221;.vc_custom_1455379188052{padding-top: 15px !important;}&#8221;]<\/p>\n<p style=\"text-align: justify;\"><strong><em>18 juin 2015<br \/>\n<\/em><\/strong><\/p>\n<p>J\u2019ai pass\u00e9 vraiment des journ\u00e9es passionnantes et riches en \u00e9motion, avec un guide r\u00e9pondant \u00e0 tous nos souhaits. En essayant de satisfaire nos envies de p\u00eacheurs acharn\u00e9s, St\u00e9phane nous a donn\u00e9 des conseils judicieux, nous a men\u00e9s dans des endroits plus propices aux belles prises, nous a encourag\u00e9s dans les moments creux, nous a fait part de ses exp\u00e9riences lors<br \/>\nde nos moments de repos pendant le casse cro\u00fbte ,enfin un moment inoubliable dans une vie de p\u00eacheur. Encore un grand merci St\u00e9phane. Je t\u2019envoies toutes mes amiti\u00e9s en esp\u00e9rant pouvoir encore partager une si merveilleuse exp\u00e9rience.[\/vc_column_text][vc_column_text]<\/p>\n<p style=\"text-align: right;\"><strong><em>Serge<\/em><\/strong><\/p>\n<p>[\/vc_column_text][\/vc_column][\/vc_row][vc_row][vc_column][vc_separator color=&#8221;mulled_wine&#8221;][\/vc_column][\/vc_row][vc_row][vc_column width=&#8221;1\/4&#8243;][vc_column_text]<strong><em>Jean-Michel<\/em><\/strong><br \/>\n<a href=\"http:\/\/www.jour-de-peche.com\/wp-content\/uploads\/2015\/01\/peche-en-kayak-montbel-09.jpg\"><img loading=\"lazy\" decoding=\"async\" class=\"alignnone size-thumbnail wp-image-4893\" src=\"http:\/\/www.jour-de-peche.com\/wp-content\/uploads\/2015\/01\/peche-en-kayak-montbel-09-300x225.jpg\" alt=\"\" width=\"300\" height=\"225\" \/><\/a><\/p>\n<p style=\"text-align: center;\"><em>Pas de r\u00e9cit&#8230;<\/em><\/p>\n<p>[\/vc_column_text][\/vc_column][vc_column width=&#8221;3\/4&#8243;][vc_column_text css=&#8221;.vc_custom_1455794375065{padding-top: 15px !important;}&#8221;]<\/p>\n<p style=\"text-align: justify;\"><strong><em>3 juin 2015<br \/>\n<\/em><\/strong><\/p>\n<p>Merci beaucoup St\u00e9phane, pour cette d\u00e9couverte du kayak-p\u00eache et du lac de Montbel,<br \/>\nVraiment une super journ\u00e9e !<br \/>\nTr\u00e8s bon s\u00e9jour en Irlande, bien cordialement,<br \/>\nJean Michel[\/vc_column_text][vc_column_text]<\/p>\n<p style=\"text-align: right;\"><strong><em>Jean-Michel<\/em><\/strong><\/p>\n<p>[\/vc_column_text][\/vc_column][\/vc_row][vc_row][vc_column][vc_separator color=&#8221;mulled_wine&#8221;][\/vc_column][\/vc_row][vc_row][vc_column width=&#8221;1\/4&#8243;][vc_column_text]<strong><em>J\u00e9r\u00f4me<\/em><\/strong><br \/>\n<a href=\"http:\/\/www.jour-de-peche.com\/wp-content\/uploads\/2014\/11\/Lac-de-montbel-brochet-66-cm-bis.jpg\"><img loading=\"lazy\" decoding=\"async\" class=\"alignnone size-thumbnail wp-image-1585\" src=\"http:\/\/www.jour-de-peche.com\/wp-content\/uploads\/2014\/11\/Lac-de-montbel-brochet-66-cm-bis-300x225.jpg\" alt=\"\" width=\"300\" height=\"225\" \/><\/a>[\/vc_column_text][vc_btn title=&#8221;Le r\u00e9cit de cette journ\u00e9e&#8230;&#8221; color=&#8221;juicy-pink&#8221; size=&#8221;sm&#8221; link=&#8221;url:http%3A%2F%2Fwww.jour-de-peche.com%2Fguidage-de-peche-brochets-montbel%2F&#8221;][\/vc_column][vc_column width=&#8221;3\/4&#8243;][vc_column_text css=&#8221;.vc_custom_1455799520126{padding-top: 15px !important;}&#8221;]<\/p>\n<p style=\"text-align: justify;\"><strong><em>24 novembre 2014,<br \/>\n<\/em><\/strong><\/p>\n<p>Salut St\u00e9phane,<br \/>\njoli r\u00e9cit de p\u00eache, tu prends bien soin de ne pas pr\u00e9ciser qui a mis la mis\u00e8re \u00e0 l&#8217;autre&#8230;je t&#8217;en suis reconnaissant \ud83d\ude09<br \/>\n\u00ab\u00a0\u2026\u00a0\u00bb<br \/>\nPour ce qui est de r\u00eaver, la nuit derni\u00e8re j&#8217;\u00e9tais trop fatigu\u00e9 pour \u00e7a mais aujourd&#8217;hui, au bureau, cela m&#8217;a hant\u00e9&#8230;<br \/>\nAu plaisir<br \/>\nJ\u00e9r\u00f4me<\/p>\n<p>ps: je passerai sur le site de temps en temps pour voir si tu t&#8217;am\u00e9liores un peu.[\/vc_column_text][vc_column_text]<\/p>\n<p style=\"text-align: right;\"><strong><em>J\u00e9r\u00f4me<\/em><\/strong><\/p>\n<p>[\/vc_column_text][\/vc_column][\/vc_row][vc_row][vc_column][vc_separator color=&#8221;mulled_wine&#8221;][\/vc_column][\/vc_row][vc_row][vc_column width=&#8221;1\/4&#8243;][vc_column_text]<strong><em>Thomas<\/em><\/strong><br \/>\n<a href=\"http:\/\/www.jour-de-peche.com\/wp-content\/uploads\/2014\/10\/lac-de-montbel-perche-au-popper.jpg\"><img loading=\"lazy\" decoding=\"async\" class=\"alignnone size-thumbnail wp-image-610\" src=\"http:\/\/www.jour-de-peche.com\/wp-content\/uploads\/2014\/10\/lac-de-montbel-perche-au-popper-300x225.jpg\" alt=\"Perche au popper\" width=\"300\" height=\"225\" \/><\/a>[\/vc_column_text][vc_btn title=&#8221;Le r\u00e9cit de cette journ\u00e9e&#8230;&#8221; color=&#8221;juicy-pink&#8221; size=&#8221;sm&#8221; link=&#8221;url:http%3A%2F%2Fwww.jour-de-peche.com%2Fles-perches-du-lac-de-montbel%2F&#8221;][\/vc_column][vc_column width=&#8221;3\/4&#8243;][vc_column_text css=&#8221;.vc_custom_1455796236570{padding-top: 15px !important;}&#8221;]<\/p>\n<p style=\"text-align: justify;\"><strong><em>17 septembre 2014,<br \/>\n<\/em><\/strong><\/p>\n<p>Salut St\u00e9phane &#8220;\u2026 &#8221; Les photos sont magnifiques et me donnent envie de remettre \u00e7a, je le referai surement &#8220;\u2026&#8221;\u00a0 Cyril a repris 4 perches le vendredi avec les leurres trouv\u00e9s le mercredi. Je te remercie encore pour cette journ\u00e9e et te souhaite bon courage pour la suite. A une prochaine.[\/vc_column_text][vc_column_text]<\/p>\n<p style=\"text-align: right;\"><strong><em>Thomas<\/em><\/strong><\/p>\n<p>[\/vc_column_text][\/vc_column][\/vc_row][vc_row][vc_column][vc_separator color=&#8221;mulled_wine&#8221;][\/vc_column][\/vc_row][vc_row][vc_column width=&#8221;1\/4&#8243;][vc_column_text]<strong><em>Fabrice<\/em><\/strong><br \/>\n<a href=\"http:\/\/www.jour-de-peche.com\/wp-content\/uploads\/2014\/10\/carpe-du-canal-du-midi-prise-au-leurre-carcassonne.jpg\"><img loading=\"lazy\" decoding=\"async\" class=\"alignnone size-thumbnail wp-image-580\" src=\"http:\/\/www.jour-de-peche.com\/wp-content\/uploads\/2014\/10\/carpe-du-canal-du-midi-prise-au-leurre-carcassonne-300x225.jpg\" alt=\"Carpe de 85 cm pour Fabrice\" width=\"300\" height=\"225\" \/><\/a>[\/vc_column_text][vc_btn title=&#8221;Le r\u00e9cit de cette journ\u00e9e&#8230;&#8221; color=&#8221;juicy-pink&#8221; size=&#8221;sm&#8221; link=&#8221;url:http%3A%2F%2Fwww.jour-de-peche.com%2Fpeche-canal-du-midi-carnassiers-avec-fabrice%2F&#8221;][\/vc_column][vc_column width=&#8221;3\/4&#8243;][vc_column_text css=&#8221;.vc_custom_1455795305334{padding-top: 15px !important;}&#8221;]<\/p>\n<p style=\"text-align: justify;\"><strong><em>12 ao\u00fbt 2014,<br \/>\n<\/em><\/strong><\/p>\n<p>Bonjour, et merci pour les photos, je n&#8217;ai pas eu besoin de berceuse comme pr\u00e9vue hier soir&#8230; Je tiens \u00e0 te remercier pour tout, ta bonne humeur ta p\u00e9dagogie bref tous ce que j&#8217;ai appris et les prises que j&#8217;ai faites gr\u00e2ce \u00e0 toi. Je vais bien \u00e9videmment m&#8217;entra\u00eener dur pour continuer \u00e0 m&#8217;am\u00e9liorer. Merci je vais essayer de t&#8217;envoyer la vid\u00e9o en 2 fois&#8230;[\/vc_column_text][vc_column_text]<\/p>\n<p style=\"text-align: right;\"><strong><em>Fabrice<\/em><\/strong><\/p>\n<p>[\/vc_column_text][\/vc_column][\/vc_row][vc_row][vc_column][vc_separator color=&#8221;mulled_wine&#8221;][\/vc_column][\/vc_row][vc_row][vc_column width=&#8221;1\/4&#8243;][vc_column_text]<strong><em>Thierry<\/em><\/strong><br \/>\n<a href=\"http:\/\/www.jour-de-peche.com\/wp-content\/uploads\/2015\/01\/montbel-ariege-sandre-thierry.jpg\"><img loading=\"lazy\" decoding=\"async\" class=\"alignnone size-thumbnail wp-image-4903\" src=\"http:\/\/www.jour-de-peche.com\/wp-content\/uploads\/2015\/01\/montbel-ariege-sandre-thierry-300x225.jpg\" alt=\"\" width=\"300\" height=\"225\" \/><\/a><\/p>\n<p style=\"text-align: center;\"><em>Pas de r\u00e9cit&#8230;<\/em><\/p>\n<p>[\/vc_column_text][\/vc_column][vc_column width=&#8221;3\/4&#8243;][vc_column_text css=&#8221;.vc_custom_1455796745426{padding-top: 15px !important;}&#8221;]<\/p>\n<p style=\"text-align: justify;\"><strong><em>26 janvier 2014,<br \/>\n<\/em><\/strong><\/p>\n<p>Salut St\u00e9phane !<br \/>\nJe te remercie pour les photos.<br \/>\n\u00c7a a \u00e9t\u00e9 un v\u00e9ritable plaisir de p\u00eacher avec toi.<br \/>\nEt j&#8217;esp\u00e8re pas la derni\u00e8re fois.[\/vc_column_text][vc_column_text]<\/p>\n<p style=\"text-align: right;\"><strong><em>Thierry<\/em><\/strong><\/p>\n<p>[\/vc_column_text][\/vc_column][\/vc_row][vc_row][vc_column][vc_separator color=&#8221;mulled_wine&#8221;][\/vc_column][\/vc_row][vc_row][vc_column][vc_column_text]<\/p>\n<h4 style=\"text-align: center;\">Seront peut-\u00eatre ajout\u00e9s un jour les commentaires d&#8217;Irlande 2013 et ceux d&#8217;Espagne 2015&#8230; si j&#8217;en trouve le temps \ud83d\ude42<\/h4>\n<p>[\/vc_column_text][\/vc_column][\/vc_row][vc_row][vc_column][vc_separator color=&#8221;mulled_wine&#8221;][\/vc_column][\/vc_row][vc_row][vc_column][vc_column_text]<\/p>\n<blockquote><p><span class=\"dates\">8 d\u00e9cembre 2012<\/span><\/p><\/blockquote>\n<p>Bonjour St\u00e9phane,<\/p>\n<p>Il me semble que tu avais des leurres &#8220;truite Fario&#8221;, peux tu me donner la marque de ses leurres, et \u00e9ventuellement d&#8217;autres pour le Mask. Je voudrais pour no\u00ebl commencer \u00e0 \u00e9quiper mon fils pour la ballade Irlandaise de septembre.<\/p>\n<p>Bon Week-End.<\/p>\n<p>Merci d&#8217;avance.<\/p>\n<p>Patrick (DUBOIS&#8217;s Team).<\/p>\n<div style=\"float: right; text-align: right; font-style: normal; font-weight: bold;\">Patrick LEPAGE<\/div>\n<div class=\"divider\"><\/div>\n<p><!--FIN DU COMMENTAIRE --><\/p>\n<blockquote><p><span class=\"dates\">6 d\u00e9cembre 2012<\/span><\/p>\n<p>Bonjour St\u00e9phane,<\/p>\n<p>Nous sommes all\u00e9s mettre en pratique notre tout nouveau savoir-faire en Normandie. En milieu \u00ab naturel \u00bb, nous avons p\u00each\u00e9 en pleine canicule dans la Sarthe \u00e0 Saint C\u00e9n\u00e9ri le G\u00e9r\u00e9i. C\u2019est tr\u00e8s bucolique et touristique. Le village est un des \u00ab plus beaux villages de France \u00bb (ils font partie de cette association, mais c\u2019est vrai que c\u2019est mignon !)\u2026 Comme il faisait tr\u00e8s chaud, j\u2019ai pris surtout de ablettes et des chevennes et une fario. Il se trouve que j\u2019ai aussi pris des arc en ciel de 50 cm, mais \u00e0 la cuiller\u2026<\/p>\n<p>Ensuite, nous avons pratiqu\u00e9 au Moulin de Gemages, en Basse Normandie. C\u2019est un domaine priv\u00e9 o\u00f9 l\u2019on peut p\u00eacher toute l\u2019ann\u00e9e des truites de toutes sortes, et de toutes tailles. Nous y avons fait de tr\u00e8s belles prises et nous sommes fait casser par de vrai monstres\u2026. Sandrine est devenue une vraie pro !<\/p>\n<p>Je pense que nous y retournerons aussi cet hiver pour y p\u00eacher l\u2019omble chevalier et l\u2019omble Alis.<\/p>\n<p><strong>Je garde n\u00e9anmoins un souvenir \u00e9mu de ma rencontre avec les truites de mer en Irlande\u2026<\/strong> Ces poissons ne se d\u00e9fendent pas du tout comme des truites de rivi\u00e8re, m\u00eame de tr\u00e8s belle arc-en-ciel ne sont pas aussi combatives !<\/p>\n<p>Quand nous sommes all\u00e9s au BallynanHynch, apr\u00e8s notre s\u00e9jour \u00e0 Newport, j\u2019ai p\u00each\u00e9 une journ\u00e9e et vu des saumons magnifiques, mais pas de touche\u2026 Apr\u00e8s l\u2019exp\u00e9rience des truites de mer, le saumon est devenu mon nouvel objectif !<\/p>\n<p>Amiti\u00e9,<\/p>\n<p>Roland<\/p>\n<div style=\"float: right; text-align: right; font-style: normal; font-weight: bold;\">Roland CLERE<\/div>\n<\/blockquote>\n<div class=\"divider\"><\/div>\n<p><!--FIN DU COMMENTAIRE --><\/p>\n<blockquote><p><span class=\"dates\">5 d\u00e9cembre 2012<\/span><\/p>\n<p>Bonjour St\u00e9phane<\/p>\n<p>Super ton site et tes diaporamas !!!!!<\/p>\n<p>Pour info ,Gilles , P\u00e9dro ( le blagueur !!!!!) Philippe et moi m\u00eame avons r\u00e9serv\u00e9 \u00e0 la Guesthouse la derni\u00e8re semaine de Sept pour 2013 , quand on aime on y revient !!!!!! En esp\u00e9rant faire tomber les records , du style de la tonne p\u00each\u00e9e par P\u00e9dro en 1 semaine !!!!!!!!!! de saumon s il vous plait !!!!!!<\/p>\n<p>Passe de BONNES F\u00caTES de Fin d ann\u00e9e<\/p>\n<p>A bient\u00f4t<\/p>\n<p>Jean-marie VERDIE<\/p>\n<div style=\"float: right; text-align: right; font-style: normal; font-weight: bold;\">Jean-marie VERDIE<\/div>\n<\/blockquote>\n<div class=\"divider\"><\/div>\n<p><!--FIN DU COMMENTAIRE --><\/p>\n<blockquote><p><span class=\"dates\">5 d\u00e9cembre 2012<\/span><\/p>\n<p>merci pour cette belle troisi\u00e8me page.<\/p>\n<p>Bonnes f\u00eates de fin d&#8221;ann\u00e9e \u00e0 toi et ta famille.<\/p>\n<p>Peut \u00eatre nous reverrons nous un jour \u00e0 la p\u00eache en Irlande.<\/p>\n<p>Amicalement<\/p>\n<p>L&#8217;amiral<\/p>\n<div style=\"float: right; text-align: right; font-style: normal; font-weight: bold;\">Herv\u00e9 KERISIT<\/div>\n<\/blockquote>\n<div class=\"divider\"><\/div>\n<p><!--FIN DU COMMENTAIRE --><\/p>\n<blockquote><p><span class=\"dates\">4 d\u00e9cembre 2012<\/span><\/p>\n<p>Salut St\u00e9phane !<br \/>\nBravo pour ton site, j&#8217;y fais un tour de temps en temps, \u00e7a me rappelle plein de choses. Et n&#8217;h\u00e9site pas a continuer de nous tenir au courant de ton avanc\u00e9e !<br \/>\nLucas FRITSCHI<br \/>\nPS: Tu as oubli\u00e9 un &#8220;C&#8221; \u00e0 Fritschi sur ta troisi\u00e8me page, mais rien de grave ;)=<\/p>\n<div style=\"float: right; text-align: right; font-style: normal; font-weight: bold;\">Lucas FRITSCHI<\/div>\n<\/blockquote>\n<div class=\"divider\"><\/div>\n<p><!--FIN DU COMMENTAIRE --><\/p>\n<blockquote><p><span class=\"dates\">4 d\u00e9cembre 2012<\/span><\/p>\n<p>Salut St\u00e9phane,<\/p>\n<p>J&#8217;esp\u00e8re que tout va bien. Tr\u00e8s sympa ton site. Tr\u00e8s clair, bien structur\u00e9, tr\u00e8s fluide&#8230;<br \/>\nJ&#8217;attends la page commentaire!<br \/>\n\u00c0 bient\u00f4t<\/p>\n<div style=\"float: right; text-align: right; font-style: normal; font-weight: bold;\">Nicolas SIMONIAN<\/div>\n<\/blockquote>\n<div class=\"divider\"><\/div>\n<p><!--FIN DU COMMENTAIRE --><\/p>\n<blockquote><p><span class=\"dates\">4 d\u00e9cembre 2012<\/span><\/p>\n<p>Bonsoir St\u00e9phane,<\/p>\n<p>J\u2019esp\u00e8re que vous allez bien. Bravo pour votre site qui nous replonge dans ces bons moments que nous avons pass\u00e9 ensemble.<\/p>\n<p>A notre retour en France, nous avons pu mettre en pratique avec succ\u00e8s les le\u00e7ons de p\u00eache \u00e0 la mouche que nous avions prises en Irlande. A n\u2019en pas douter, cette exp\u00e9rience Irlandaise \u00e9tait le point de d\u00e9part id\u00e9al pour d\u00e9couvrir cette technique. Par ailleurs, nous gardons un excellent souvenir de notre h\u00e9bergement, ainsi que de Newport et des paysages de la r\u00e9gion, avec leurs lacs et leurs rivi\u00e8res. Une mention sp\u00e9ciale ; Je n\u2019avais encore jamais p\u00each\u00e9 de truites de mer, quelle exp\u00e9rience !<br \/>\nPeut-\u00eatre un saumon l\u2019ann\u00e9e prochaine ?<\/p>\n<p>Meilleurs sentiments,<\/p>\n<p>Sandrine et Roland<\/p>\n<div style=\"float: right; text-align: right; font-style: normal; font-weight: bold;\">Roland CLERE<\/div>\n<\/blockquote>\n<div class=\"divider\"><\/div>\n<p><!--FIN DU COMMENTAIRE --><\/p>\n<blockquote><p><span class=\"dates\"> 30 novembre 2012<\/span><\/p>\n<p>Bonjour St\u00e9phane;<\/p>\n<p>salut Steph un petit bonjour de la part de Dominique je te remercie pour tes photos que tu ma envoyer<br \/>\nc&#8217;est tr\u00e8s sympa&#8230;<\/p>\n<p>je vais par la m\u00eame occasion t&#8217;envoyer quelque photos de notre super s\u00e9jour le temps de les faire d\u00e9veloppe<br \/>\nje pense aller vous voire au salon \u00e0 Clermont-Ferrand si les conditions climatique le permettre.<br \/>\nmaintenant je te souhaite des bonnes f\u00eate de fin d&#8217;ann\u00e9e et une tr\u00e8s bonne sant\u00e9&#8230;<\/p>\n<p>pour ton commentaire a froid<br \/>\nc&#8217;est super tes photos sont g\u00e9nial<br \/>\nmais tu parle pas de la troisi\u00e8me mitant<\/p>\n<p>bon no\u00ebl DOMINIQUE A+<\/p>\n<div style=\"float: right; text-align: right; font-style: normal; font-weight: bold;\">Dominique VERGNAUD<\/div>\n<\/blockquote>\n<div class=\"divider\"><\/div>\n<p><!--FIN DU COMMENTAIRE --><\/p>\n<blockquote><p><span class=\"dates\">25 novembre 2012<\/span><\/p>\n<p>Bonjour St\u00e9phane;<\/p>\n<p>Merci pour tes deux pages web sur la saison 2012 en IRLANDE.<br \/>\nNous gardons de bons souvenirs de notre s\u00e9jour. Si l&#8217;occasion se<br \/>\npr\u00e9senterait \u00e0 nouveau j&#8217;aurais envie de passer trois jours de p\u00eache \u00e0<br \/>\nla mouche et un jour au brochet (le contraire). J&#8217;ai eu beaucoup de<br \/>\nplaisir de passer le dimanche sur le lac de montagne&#8230;<br \/>\n&#8230; Patrick me relance souvent l&#8217;id\u00e9e d&#8217;un s\u00e9jour en 2013???. Je pense<br \/>\nqu&#8217;il blague.<br \/>\nLui aussi en garde un excellent souvenir et chaque fois que nous sommes<br \/>\nen contact, nous reparlons de cette belle semaine.<br \/>\nJ&#8217;esp\u00e8re que tout va bien pour toi? Que fais-tu maintenant hors saison?<br \/>\nRetournes-tu \u00e0 Westport en 2013?<br \/>\nBien \u00e0 toi et&#8230;<br \/>\nBernard de Belgique.<\/p>\n<div style=\"float: right; text-align: right; font-style: normal; font-weight: bold;\">Bernard HUBERT<\/div>\n<\/blockquote>\n<div class=\"divider\"><\/div>\n<p><!--FIN DU COMMENTAIRE --><\/p>\n<blockquote><p><span class=\"dates\">18 novembre 2012<\/span><\/p>\n<p>bonsoir St\u00e9phane,<\/p>\n<p>pas de probl\u00e8me pour utiliser notre photo sur votre site.<br \/>\nci-joint quelques lignes pour votre livre d&#8217;or :<br \/>\n&#8220;Trois jours tr\u00e8s agr\u00e9ables et bien rythm\u00e9s, avec un guide disponible et attentif<br \/>\n\u00e0 transmettre sa passion de la p\u00eache. M\u00eame les averses n&#8217;ont pas sembl\u00e9 si mouill\u00e9es !&#8221;<\/p>\n<p>bonne semaine<br \/>\nA. Tanchou<\/p>\n<div style=\"float: right; text-align: right; font-style: normal; font-weight: bold;\">Andr\u00e9 TANCHOU<\/div>\n<\/blockquote>\n<div class=\"divider\"><\/div>\n<p><!--FIN DU COMMENTAIRE --><\/p>\n<blockquote><p><span class=\"dates\">18 novembre 2012<\/span><\/p>\n<p>Salut St\u00e9phane, merci pour ton message et pour ton blog.<br \/>\nEn PJ, une photo avec le broc de Adrien pris en fin de semaine, (avec un chatterbait, forc\u00e9ment!), et une avec nos 3 kids vend\u00e9ens sous la pluie irlandaise.<br \/>\nOn a beaucoup appr\u00e9ci\u00e9 le s\u00e9jour. Un seul petit regret, on n&#8217;a pas fait connaissance avec les gros bec irlandais des grands lacs. Mais on reviendra!<br \/>\nOn n&#8217;oubliera pas de t&#8217;en parler, au cas o\u00f9 tu serais par l\u00e0-bas.<br \/>\nSinon, nos parties de p\u00eache ici se font plut\u00f4t rares, par manque de temps, les WE \u00e9tant tr\u00e8s occup\u00e9s par le sport.<br \/>\nA bient\u00f4t, et merci pour le tuyau des chatterbaits, on a r\u00e9ussi \u00e0 en trouver ici, vivement le printemps et l&#8217;\u00e9t\u00e9 prochain qu&#8217;on les teste dans nos herbiers<br \/>\nAdrien, Martin et Olivier<\/p>\n<div style=\"float: right; text-align: right; font-style: normal; font-weight: bold;\">Olivier, Adrien et Martin HYBERT<\/div>\n<\/blockquote>\n<div class=\"divider\"><\/div>\n<p><!--FIN DU COMMENTAIRE --><\/p>\n<blockquote><p><span class=\"dates\">17 novembre 2012<\/span><\/p>\n<p>Salut St\u00e9phane<\/p>\n<p>Il est tr\u00e8s beau ton site, tr\u00e8s agr\u00e9able, a\u00e9r\u00e9 et bien \u00e9crit. J\u2019esp\u00e8re que tu ne le l\u00e2cheras pas m\u00eame si c&#8217;est tr\u00e8s dur de concilier p\u00eache et administratif.<\/p>\n<p>Si je peux laisser un petit mot sur ton livre d&#8217;or, j\u2019\u00e9crirais : Un tr\u00e8s bon guide qui porte bien son nom. Tr\u00e8s disponible, professionnel,courageux et super sympa. Il ne lui manque qu&#8217;un peu d&#8217;acharnement pour \u00eatre au top. Je suis sur que \u00e7a va venir vite&#8230;<\/p>\n<p>Je vais bien sur repasser en Irlande, surement en septembre et j\u2019esp\u00e8re qu&#8217;on se fera une partie de p\u00eache ensemble, ainsi qu&#8217;une bonne tourn\u00e9e de guinness avec l\u2019\u00e9quipe.<\/p>\n<p>Amiti\u00e9s<\/p>\n<p>Laurent<\/p>\n<div style=\"float: right; text-align: right; font-style: normal; font-weight: bold;\">Laurent DUBOIS<\/div>\n<\/blockquote>\n<div class=\"divider\"><\/div>\n<p><!--FIN DU COMMENTAIRE --><\/p>\n<blockquote><p><span class=\"dates\">17 novembre 2012<\/span><\/p>\n<p>Bonjour St\u00e9phane,<\/p>\n<p>Seras tu de nouveau \u00e0 Murrisk l&#8217;ann\u00e9e prochaine ?<\/p>\n<p>Car nous devrions revenir tenter les brochets avec le team DUBOIS, pas tout \u00e0 fait dans les m\u00eames conditions, en fait ce devrait \u00eatre un peu moins soci\u00e9t\u00e9. Je serais accompagn\u00e9 de mon fils et Laurent \u00e9galement (normalement) plus un ou deux amis \u00e0 lui.<\/p>\n<p>J&#8217;esp\u00e8re que le &#8220;boulot&#8221; ne te manque pas trop.<\/p>\n<p>Bon hivers en France.<\/p>\n<p>A bient\u00f4t j&#8217;esp\u00e8re.<\/p>\n<p>Patrick.<\/p>\n<div style=\"float: right; text-align: right; font-style: normal; font-weight: bold;\">Patrick LEPAGE<\/div>\n<\/blockquote>\n<div class=\"divider\"><\/div>\n<p><!--FIN DU COMMENTAIRE --><\/p>\n<blockquote><p><span class=\"dates\">16 octobre 2012<\/span><\/p>\n<p>salut St\u00e9phane un petit bonjour de la capitale<br \/>\nje te remercie pour les photos ils sont superbe<br \/>\ntu as \u00e9t\u00e9 un type formidable je souhaite une tr\u00e8s longue carri\u00e8re<br \/>\ncomme guide peut \u00eatre te revoir un jour en irlande<br \/>\nsinc\u00e8rement Dominique<\/p>\n<div style=\"float: right; text-align: right; font-style: normal; font-weight: bold;\">Dominique VERGNAUD<\/div>\n<\/blockquote>\n<div class=\"divider\"><\/div>\n<p><!--FIN DU COMMENTAIRE --><\/p>\n<blockquote><p><span class=\"dates\">11 octobre 2012<\/span><\/p>\n<p>Bonjour St\u00e9phane,<br \/>\nJ&#8217;esp\u00e8re que tu vas bien, je suppose que la saison arrive \u00e0 sa fin. Bient\u00f4t le<br \/>\nretour en France ? Nous la pleine forme.<br \/>\nLa rentr\u00e9e de CAMILLE en CE2 se passe tr\u00e8s bien, elle a recommenc\u00e9 la GRS.<br \/>\nDavid n&#8217;a pas encore pris le temps de te r\u00e9pondre mais il \u00e9tait ravi des photos<br \/>\nque tu lui a envoy\u00e9es, elles sont vraiment magnifiques.<br \/>\nL\u00e0 il est reparti 5 jours \u00e0 la p\u00eache \u00e0 MARCIAC dans le Gers &#8220;p\u00eache \u00e0 la carpe&#8221;.<br \/>\nDonne nous de tes nouvelles.<\/p>\n<p>A bient\u00f4t<br \/>\nSonia<\/p>\n<div style=\"float: right; text-align: right; font-style: normal; font-weight: bold;\">Sonia GASTEUIL<\/div>\n<\/blockquote>\n<div class=\"divider\"><\/div>\n<p><!--FIN DU COMMENTAIRE --><\/p>\n<blockquote><p><span class=\"dates\">30 septembre 2012<\/span><\/p>\n<p>Bonsoir St\u00e9phane,<\/p>\n<p>Merci pour les photos.<\/p>\n<p>Effectivement en passant par le Connemara les paysages sont super sympas, la vall\u00e9e de Delphy est exceptionnelle.<\/p>\n<p>J&#8217;esp\u00e8re que nous aurons l&#8217;occasion de nous revoir dans des conditions aussi agr\u00e9ables.<\/p>\n<p>Merci pour ta bonne humeur, ainsi que ta patience envers deux vieux.<\/p>\n<p>Au plaisir de te revoir en Irlande ou ailleurs.<\/p>\n<p>Cordialement.<\/p>\n<p>Patrick.<\/p>\n<div style=\"float: right; text-align: right; font-style: normal; font-weight: bold;\">Patrick LEPAGE<\/div>\n<\/blockquote>\n<div class=\"divider\"><\/div>\n<p><!--FIN DU COMMENTAIRE --><\/p>\n<blockquote><p><span class=\"dates\">25 septembre 2012<\/span><\/p>\n<p>Salut St\u00e9phane,<\/p>\n<p>C&#8217;est avec pas mal de retard que je viens te r\u00e9pondre et te remercier pour ces photos souvenirs de p\u00eache en Irlande.<\/p>\n<p>En effet, avec notre retour d&#8217;Irlande, nous sommes partis en Suisse \u00e0 Zurich pour garder nos petits-enfants.<\/p>\n<p>Ceux-ci sont ensuite venus en FRANCE avec nous et sont toujours pr\u00e9sents \u00e0 la maison.<\/p>\n<p>Ce qui veut dire que la p\u00eache a \u00e9t\u00e9 mise entre parenth\u00e8ses depuis l&#8217;Irlande.<\/p>\n<p>Je pense n\u00e9anmoins faire une sortie dans les Hautes-Alpes la semaine prochaine (Drac) et en Savoie d\u00e9but octobre (Arc) la fermeture \u00e9tant fix\u00e9e au 07 octobre. Je p\u00eache l&#8217;Allier en mai et juin seulement, celui-ci est d\u00e9j\u00e0 ferm\u00e9.<\/p>\n<p>Je garderai un excellent souvenir de nos parties de p\u00eache et de ta sympathie m\u00eame si, comme tu le dis, les poissons n&#8217;\u00e9taient pas forc\u00e9ment au rendez-vous.<\/p>\n<p>Je te souhaite de r\u00e9ussir dans tout ce que tu entreprends et un bonheur irrempla\u00e7able en communion avec la nature dont les rivi\u00e8res.<\/p>\n<p>Bonne continuation \u00e9galement,<\/p>\n<p>Pierre ROUVIERE<\/p>\n<div style=\"float: right; text-align: right; font-style: normal; font-weight: bold;\">Pierre ROUVIERE<\/div>\n<\/blockquote>\n<div class=\"divider\"><\/div>\n<p><!--FIN DU COMMENTAIRE --><\/p>\n<blockquote><p><span class=\"dates\">24 septembre 2012<\/span><\/p>\n<p>Salut St\u00e9phane,<\/p>\n<p>\u00c7a fait plaisir de voir quelques belles photos de poissons le lundi matin au boulot.<\/p>\n<p>Bon sinon, j\u2019y suis bien retourn\u00e9 ici avec des beaux leurres et des bonnes t\u00eates de lignes en 60\/100\u00b0 mais \u00e7a n\u2019a pas suffit pour les d\u00e9cider, en m\u00eame tps le niveau d\u2019eau est plus que tr\u00e8s bas ; depuis hier il pleut un peu, \u00e7a va surement remonter\u2026.je ne manquerai pas de te tenir au courant. Je ne sais pas pour Jean Marie, il a peut-\u00eatre pas eu le tps d\u2019y aller vu qu\u2019il est tr\u00e8s pris depuis qu\u2019il est \u00e0 la retraite J<\/p>\n<p>Rq : De mon cot\u00e9, je n\u2019ai pas pris le temps encore de mettre les photos sur le pc, je t\u2019en ferais passer quelques une sympa.<\/p>\n<p>Sinon les 3 lacs qui se suivent sur la Creuse : &#8211; Lac d\u2019\u00e9guzon (le + gd ~360ha), Lac de la Roche aux Moines, Lac de la Roche Bat-l\u2019aigue.<\/p>\n<p>Bon je te souhaite une bonne continuation<\/p>\n<p>@+<\/p>\n<p>Florent<\/p>\n<div style=\"float: right; text-align: right; font-style: normal; font-weight: bold;\">Florent DAUDON<\/div>\n<\/blockquote>\n<div class=\"divider\"><\/div>\n<p><!--FIN DU COMMENTAIRE --><\/p>\n<blockquote><p><span class=\"dates\">22 septembre 2012<\/span><\/p>\n<p>Salut St\u00e9phane,<\/p>\n<p>merci pour les photos<\/p>\n<p>Nos pens\u00e9es et nos r\u00eaves sont souvent encore en Irlande.<\/p>\n<p>D\u00e8s notre retour en France , nous avons achet\u00e9 des chatterbaits&#8230; et avons p\u00e9ch\u00e9 un brochet chacun dans nos petites rivi\u00e8res&#8230;<\/p>\n<p>Si tu passes en Vend\u00e9e pr\u00e8s de chez nous ( commune de st pexine) l&#8217; ap\u00e9ro t&#8217; attend . Tu pr\u00e9vois aussi ton mat\u00e9riel de p\u00eache, la rivi\u00e8re &#8220;le LAY&#8221; est \u00e0 100m de la maison, 2 barrages assez proches&#8230;<\/p>\n<p>merci encore pour la bonne journ\u00e9e que nous avons pass\u00e9e avec toi.<\/p>\n<p>YANN TIMOTHEE<\/p>\n<div style=\"float: right; text-align: right; font-style: normal; font-weight: bold;\">Yann PELLOQUIN<\/div>\n<\/blockquote>\n<div class=\"divider\"><\/div>\n<p><!--FIN DU COMMENTAIRE --><\/p>\n<blockquote><p><span class=\"dates\">10 septembre 2012<\/span><\/p>\n<p>Merci pour les photos. Nous avons tard\u00e9 \u00e0 r\u00e9pondre car nous \u00e9tions \u00e0 la campagne (sans internet).<\/p>\n<p>Nous avons achet\u00e9 et test\u00e9 le poisson articul\u00e9. Il fait merveille ! (voir photo).<\/p>\n<p>A bient\u00f4t pour un prochain guidage en France ou ailleurs.<\/p>\n<p>Cordialement. Famille JULIENNE<\/p>\n<div style=\"float: right; text-align: right; font-style: normal; font-weight: bold;\">Bernard et H\u00e9l\u00e8ne JULIENNE<\/div>\n<\/blockquote>\n<div class=\"divider\"><\/div>\n<p><!--FIN DU COMMENTAIRE --><\/p>\n<blockquote><p><span class=\"dates\">2 septembre 2012<\/span><\/p>\n<p>Bonjour St\u00e9phane,<\/p>\n<p>merci beaucoup pour les photos envoy\u00e9es. Elles sont tr\u00e8s sympathiques et nous rappellent des bons souvenirs&#8230;.<br \/>\nVous pouvez les afficher sur votre site web. Faites nous savoir quand le site sera mis \u00e0 jour.<br \/>\nNous avons tri\u00e9 un peu nos photos et fait une s\u00e9lection des meilleures, mais comme elles sont tr\u00e8s nombreuses, je vous les ai envoy\u00e9es via Dropbox.<br \/>\nNotre retour en Suisse s\u2019est bien pass\u00e9. L\u2019\u00e9cole a d\u00e9j\u00e0 repris depuis lundi pass\u00e9 et les parents aussi sont retourn\u00e9s au travail.<br \/>\nMerci pour les belles journ\u00e9es en votre compagnie et pour les enseignements que vous nous avez transmis. Nous esp\u00e9rons les mettre en \u0153uvre dans nos r\u00e9gions prochainement.<\/p>\n<p>Bonne continuation pour votre travail en Irlande et votre retour en France.<\/p>\n<p>Cordiales salutations,<\/p>\n<p>Silvia, Dario, Elena et Adriano Fossati<\/p>\n<div style=\"float: right; text-align: right; font-style: normal; font-weight: bold;\">Silvia, Dario, Elena et Adriano FOSSATI<\/div>\n<\/blockquote>\n<div class=\"divider\"><\/div>\n<p><!--FIN DU COMMENTAIRE --><\/p>\n<blockquote><p><span class=\"dates\">27 ao\u00fbt 2012<\/span><\/p>\n<p>Bonjour St\u00e9phane,<\/p>\n<p>Merci pour les photos,elles sont super !!!<br \/>\nEn effet nous profitons du soleil et en rentrant d\u2019Irlande ,nous avons eu de tr\u00e8s grosses chaleurs,\u00e7a se calme un peu depuis 2 jours.<br \/>\nNous sommes all\u00e9s \u00e0 N Plage et avons p\u00eache des petites dorades, aper\u00e7us beaucoup de mulet qui nous ont nargu\u00e9s mais ne se sont pas laiss\u00e9s prendre.<br \/>\npuis \u00e0 la maison de campagne dans le Tarn,le lot quotidien de goujons et diverse petite friture;<br \/>\nJe vous met en pi\u00e8ce jointe nos photos de prise de silure.<br \/>\nJ\u2019esp\u00e8re que pour vous la p\u00eache bat son plein et que vous allez bien.<br \/>\nBien cordialement,\u00e0 bient\u00f4t.<\/p>\n<p>Marie-line et Laurent<\/p>\n<div style=\"float: right; text-align: right; font-style: normal; font-weight: bold;\">Marie-Line BARRABES et Laurent CHAIGNEAU<\/div>\n<\/blockquote>\n<div class=\"divider\"><\/div>\n<p><!--FIN DU COMMENTAIRE --><\/p>\n<blockquote><p><span class=\"dates\">27 ao\u00fbt 2012<\/span><\/p>\n<p>Bonjour St\u00e9phane,<br \/>\nMerci encore pour cette initiation \u00e0 la p\u00eache \u00e0 la mouche ! et les photos sont tr\u00e8s sympas ! Nous avons bien appr\u00e9ci\u00e9 notre s\u00e9jour en Irlande . La bi\u00e8re a coul\u00e9 \u00e0 flot et il est grand temps de laiss\u00e9 la pression de c\u00f4t\u00e9 !!<\/p>\n<p>Nous vous enverrons quelques photos de belles prises du Gabon !<\/p>\n<p>Amicalement<br \/>\nJaki &amp; Patrick<\/p>\n<div style=\"float: right; text-align: right; font-style: normal; font-weight: bold;\">Jaki VLAOVIC &amp; Patrick CANALE<\/div>\n<\/blockquote>\n<div class=\"divider\"><\/div>\n<p><!--FIN DU COMMENTAIRE --><\/p>\n<blockquote><p><span class=\"dates\">23 ao\u00fbt 2012<\/span><\/p>\n<p>Salut St\u00e9phane,<\/p>\n<p>La route pour aller jusqu&#8217;\u00e0 Dublin s&#8217;est d\u00e9roul\u00e9e sans soucis, ensuite nous<br \/>\nsommes all\u00e9s directement \u00e0 l&#8217;a\u00e9roport le dimanche soir et nous avons dormi dans<br \/>\nla voiture. C&#8217;\u00e9tait un peu chaotique, mais bon pour une nuit \u00e7a le fait !!!<br \/>\nAu moins, nous ne risquions pas de rater l&#8217;avion !!!<\/p>\n<p>Les photos sont vraiment excellentes, merci beaucoup.<\/p>\n<p>Nous aussi on esp\u00e8re avoir l&#8217;occasion de te revoir un jour, n&#8217;h\u00e9sites pas \u00e0<br \/>\npasser nous voir lorsque tu seras de retour en France, on te recevra avec<br \/>\nplaisir.<\/p>\n<p>Voili voilou,<\/p>\n<p>Gros bisous et bonne continuation, David te r\u00e9pondra \u00e0 son tour, l\u00e0, il est<br \/>\nparti \u00e0 la p\u00eache&#8230;<\/p>\n<p>Sonia<\/p>\n<div style=\"float: right; text-align: right; font-style: normal; font-weight: bold;\">Sonia GASTEUIL<\/div>\n<\/blockquote>\n<div class=\"divider\"><\/div>\n<p><!--FIN DU COMMENTAIRE --><\/p>\n<blockquote><p><span class=\"dates\">22 ao\u00fbt 2012<\/span><\/p>\n<p>Bonjour St\u00e9phane<\/p>\n<p>Merci pour vos photos elles sont superbes !<\/p>\n<p>Nous tenions \u00e9galement \u00e0 vous dire que nous avions pass\u00e9 une excellente journ\u00e9e en votre compagnie m\u00eame si les poissons sont rest\u00e9s discrets<\/p>\n<p>Les filles ont \u00e9t\u00e9 tr\u00e8s contentes de leur journ\u00e9e et du joli poisson bleu qui va d\u00e9sormais hanter leurs bains<\/p>\n<p>Nous vous souhaitons une tr\u00e8s bonne continu<\/p>\n<div style=\"float: right; text-align: right; font-style: normal; font-weight: bold;\">Didier DUGELAY<\/div>\n<\/blockquote>\n<div class=\"divider\"><\/div>\n<p><!--FIN DU COMMENTAIRE --><\/p>\n<blockquote><p><span class=\"dates\">21 ao\u00fbt 2012<\/span><\/p>\n<p>Bonjour,<br \/>\nRavi d&#8217;avoir re\u00e7u les photos de cette journ\u00e9e formidable de p\u00eache que nous avons pass\u00e9e.<br \/>\nJe vous envoie ce mail de mon adresse mail, peut-\u00eatre un jour aurons-nous l&#8217;occasion de passer \u00e0 nouveau un moment de p\u00eache ensemble.<br \/>\nMerci encore,<br \/>\nPatrick<\/p>\n<div style=\"float: right; text-align: right; font-style: normal; font-weight: bold;\">Patrick WROBLEWSKI<\/div>\n<\/blockquote>\n<div class=\"divider\"><\/div>\n<p><!--FIN DU COMMENTAIRE --><\/p>\n<blockquote><p><span class=\"dates\">19 ao\u00fbt 2012<\/span><\/p>\n<p>Bonjour,<\/p>\n<p>Merci beaucoup pour ces photos de qualit\u00e9 qui compl\u00e9teront notre album.<br \/>\nNotre s\u00e9jour s&#8217;est prolong\u00e9 \u00e0 Inishbofin et Inishmore de fa\u00e7on id\u00e9ale, avec le soleil en prime.<br \/>\nCette journ\u00e9e de p\u00eache fera partie de nos tr\u00e8s bons souvenirs de ces vacances en Irlande.<\/p>\n<p>Bien cordialement<\/p>\n<p>Olivier, pour toute la famille Lucas<\/p>\n<div style=\"float: right; text-align: right; font-style: normal; font-weight: bold;\">Olivier LUCAS<\/div>\n<\/blockquote>\n<div class=\"divider\"><\/div>\n<p><!--FIN DU COMMENTAIRE --><\/p>\n<blockquote><p><span class=\"dates\">17 ao\u00fbt 2012<\/span><\/p>\n<p>Bonjour,<br \/>\nnous ne vous avons oubli\u00e9 ,mais le retour en France est difficile (le boulot ,la chaleur&#8230;..)<br \/>\nje vous adresse quelques photos de notre journ\u00e9e.<br \/>\nnous sommes tr\u00e9s contents de cette mini aventure<br \/>\nles photos sont sympas vous pouvez les mettre sur votre site.<br \/>\nce dernier est \u00e9galement sympa j irai mettre un mot.<\/p>\n<p>nous sommes devenus gr\u00e2ce \u00e0 vous des &#8220;profs du lanc\u00e9&#8221;<br \/>\nnous avons encore du boulot et j\u2019emm\u00e8nerai mes fils \u00e0 la p\u00eache de temps en temps c est sur<br \/>\ncette belle journ\u00e9e avec vous nous a donn\u00e9 le gout et on s est vraiment bien amus\u00e9<br \/>\nje vais essay\u00e9 de vous envoyer deux vid\u00e9os une avec mes fils lors de la prise et une de moi au lanc\u00e9&#8221;magnifique&#8221;<\/p>\n<p>encore merci j irai voir votre site<\/p>\n<p>a++++++++<\/p>\n<p>cordialement<\/p>\n<div style=\"float: right; text-align: right; font-style: normal; font-weight: bold;\">Gr\u00e9goire DE DECKER<\/div>\n<\/blockquote>\n<div class=\"divider\"><\/div>\n<p><!--FIN DU COMMENTAIRE --><\/p>\n<blockquote><p><span class=\"dates\">27 juillet 2012<\/span><\/p>\n<p>Bonjour St\u00e9phane,<\/p>\n<p>Nous esp\u00e9rons, Sandrine et moi, que le beau temps s\u2019est enfin install\u00e9 en Irlande, comme c\u2019est le cas \u00e0 Paris actuellement, et que les saumons seront au rendez-vous sur la CARROWNISKY et la Bunowen.<\/p>\n<p>Durant notre 2e semaine en Irlande, pr\u00e8s de du Dromoland Castle (environs d\u2019Ennis), \u00e0 Rathlaheen, o\u00f9 il y a un \u00e9tang priv\u00e9, j\u2019ai cass\u00e9 \u00e0 deux reprises en mouche s\u00e8che sur des tr\u00e8s grosses truites arc-en-ciel, et ne suis parvenu \u00e0 remonter que la plus petite (41 cm). Je p\u00e9chais avec un moulinet Peerless BAM RITM 80 semi-automatique \u00e0 g\u00e2chette, qui fonctionne sur le m\u00eame principe que votre moulinet.<br \/>\n&#8230;<br \/>\nAmiti\u00e9s,<\/p>\n<div style=\"float: right; text-align: right; font-style: normal; font-weight: bold;\">Roland CLERE<\/div>\n<\/blockquote>\n<div class=\"divider\"><\/div>\n<p><!--FIN DU COMMENTAIRE --><\/p>\n<blockquote><p><span class=\"dates\">23 juillet 2012<\/span><\/p>\n<p>Bonjour St\u00e9phane,<br \/>\nVos enseignements \u00e0 la mouche ont port\u00e9 leurs fruits. En effet au cours d&#8217;une sortie en famille sur les \u00e9tangs du Carlit, j&#8217;ai p\u00each\u00e9 une Fario en s\u00e8che que j&#8217;ai remis dans ce lac de Dougne \u00e0 2440m d&#8217;altitude. Nos bons souvenirs, Famille Leb\u00e8gue<\/p>\n<div style=\"float: right; text-align: right; font-style: normal; font-weight: bold;\">Patrick LEBEGUE<\/div>\n<\/blockquote>\n<div class=\"divider\"><\/div>\n<p><!--FIN DU COMMENTAIRE --><\/p>\n<blockquote><p><span class=\"dates\">26 juin 2012<\/span><\/p>\n<p>Salut \u00e0 notre Guide halieutique,<\/p>\n<p>Bien rentr\u00e9 mais le contraste saisissant avec l&#8217; Irlande me serre le c\u0153ur. Les nuages sont pass\u00e9s \u00e0 l&#8217;int\u00e9rieur lol &#8230; Je tiens beaucoup \u00e0 te remercier, premi\u00e8rement pour ton professionnalisme et tes conseils judicieux, ta disponibilit\u00e9 et ton engagement. &#8230;J&#8217;ai r\u00e9\u00e9cout\u00e9 Lagr\u00e8ne avec d\u00e9lectation, me retrouvant comme par magie sur les routes avec toi. Je me vois sur tes photos comme pouvant servir de mat\u00e9riel didactique : voici comment ne PAS faire !! Si un jour tes pas t&#8217;am\u00e8nent vers la Belgique, je compte vraiment sur toi pour aller boire une mousse&#8230;!<\/p>\n<p>J&#8217;ai savour\u00e9 des moments de bonheur intense surtout gr\u00e2ce \u00e0 un dream team hors pair, merci \u00e0 vous tous.<\/p>\n<p>L&#8217;Irlande ? Sea symphony of course, what else ?<\/p>\n<p>Amiti\u00e9s \u00e0 un very special person, qui porte tr\u00e8s bien son nom !<\/p>\n<p>Sa majest\u00e9 lord of Picnic<\/p>\n<div style=\"float: right; text-align: right; font-style: normal; font-weight: bold;\">Patrice<\/div>\n<\/blockquote>\n<div class=\"divider\"><\/div>\n<p><!--FIN DU COMMENTAIRE --><\/p>\n<blockquote><p><span class=\"dates\">16 juillet 2012<\/span><\/p>\n<p>Bonjour St\u00e9phane,<\/p>\n<p>Merci pour l&#8217;envoi des photos qui nous rappellent ces bons moments pass\u00e9s en votre compagnie.<br \/>\nDepuis notre d\u00e9part de Westport, nous avons travers\u00e9 une bonne partie du Connemara pour rejoindre Clifden puis Recess ou nous avons pu mettre en pratique la technique de p\u00eache \u00e0 la mouche sur le parcours du Ballynahinch castle (rivi\u00e8re Owenmor). Roland a manqu\u00e9 un saumon de 6 livres !!!<br \/>\nPour ma part, j&#8217;ai eu une touche sur une truite de mer avec une canne que j&#8217;ai trouv\u00e9e dans la boutique du port sur les conseils du propri\u00e9taire des lieux, tr\u00e8s sympathique.<br \/>\nRoland avait pris vendredi en photos 2 des truites de mer qu&#8217;il a p\u00each\u00e9 dans la Carrownisky et dans la Bunowen. Je vous les mets en pi\u00e8ce jointe.<br \/>\nDemain, nous attaquons les falaises de Moher.<\/p>\n<p>Bon courage pour la saison.<\/p>\n<p>Amiti\u00e9s<\/p>\n<p>Sandrine et Roland<\/p>\n<div style=\"float: right; text-align: right; font-style: normal; font-weight: bold;\">Sandrine FAUVAUX<\/div>\n<\/blockquote>\n<div class=\"divider\"><\/div>\n<p><!--FIN DU COMMENTAIRE --><\/p>\n<blockquote><p><span class=\"dates\">21 juin 2012<\/span><\/p>\n<p>Bonsoir St\u00e9phane,<br \/>\nPour commencer re\u00e7ois mes remerciements pour ces bonnes photos souvenirs de cette semaine de vacances (elles sont faites avec art) .<br \/>\nEnsuite je souhaite te dire que ton nom de famille te va tr\u00e8s bien car nous avons en effet appr\u00e9ci\u00e9 ta gentillesse.<br \/>\nNous avions pour finir l&#8217;id\u00e9e d&#8217;avoir un ami \u00e0 c\u00f4t\u00e9 de nous. Nous avons profitez \u00e0 fond de tes conseils et de tr\u00e8s bons moments pass\u00e9s ensemble.<br \/>\nLe voyage de retour fut bon et nous n&#8217;avons pas appr\u00e9ci\u00e9 la courte visite de Dublin trop contrast\u00e9e avec la belle nature et le calme de votre coin.<br \/>\nJe viens de m\u00e9moriser toutes les photos et pour r\u00e9pondre \u00e0 ta demande, je me propose de s\u00e9lectionner quelques photos personnelles que je te ferai<br \/>\nparvenir bient\u00f4t.<br \/>\nBonne continuation<\/p>\n<div style=\"float: right; text-align: right; font-style: normal; font-weight: bold;\">Bernard HUBERT<\/div>\n<\/blockquote>\n<div class=\"divider\"><\/div>\n<p><!--FIN DU COMMENTAIRE --><\/p>\n<blockquote><p><span class=\"dates\">21 juin 2012<\/span><\/p>\n<p>Bonjour St\u00e9phane,<br \/>\nD&#8217;abord merci pour les photos et ensuite&#8230;..<br \/>\nTon adresse mail refl\u00e9t\u00e9 tr\u00e8s exactement ce que je pense de toi, une personne unique sur mon passage et qui marque&#8230;.<br \/>\nBien \u00e0 toi St\u00e9phane et toute mon amiti\u00e9&#8230;<\/p>\n<div style=\"float: right; text-align: right; font-style: normal; font-weight: bold;\">Patrick HUBERT<\/div>\n<\/blockquote>\n<div class=\"divider\"><\/div>\n<p><!--FIN DU COMMENTAIRE --><\/p>\n<blockquote><p><span class=\"dates\">29 mai 2012<\/span><\/p>\n<p>Salut St\u00e9phane,<br \/>\nMerci beaucoup pour ces photos, j&#8217; esp\u00e8re pour vous qu&#8217; il a beaucoup plus \u00e0 Wesport et que le niveau des eaux est maintenant correct<br \/>\nencore merci et bonne saison<\/p>\n<div style=\"float: right; text-align: right; font-style: normal; font-weight: bold;\">Olivier GUELFI<\/div>\n<\/blockquote>\n<div class=\"divider\"><\/div>\n<p><!--FIN DU COMMENTAIRE --><\/p>\n<blockquote><p><span class=\"dates\">26 mai 2012<\/span><\/p>\n<p>Salut St\u00e9phane nous aussi ravis de t&#8217;avoir rencontr\u00e9, et l&#8217;invitation tient toujours quand tu veux. Alain et Daniel<\/p>\n<div style=\"float: right; text-align: right; font-style: normal; font-weight: bold;\">Alain MAGNAUDET<\/div>\n<\/blockquote>\n<div class=\"divider\"><\/div>\n<blockquote><p><span class=\"dates\">14 mai 2012<\/span><\/p>\n<p>Salut St\u00e9phane.<br \/>\nMerci pour les photos,<br \/>\nBonne fin de saison<br \/>\nAu plaisir de te revoir<br \/>\nJean Michel<\/p>\n<div style=\"float: right; text-align: right; font-style: normal; font-weight: bold;\">Jean Michel JORET<\/div>\n<\/blockquote>\n<div class=\"divider\"><\/div>\n<p><!--FIN DU COMMENTAIRE --><\/p>\n<blockquote><p><span class=\"dates\">13 mai 2012<\/span><\/p>\n<p>Salut St\u00e9phane,<br \/>\n\u00c7a fait bien plaisir d&#8217;avoir de tes nouvelles! Bon, les r\u00e9cents r\u00e9sultats de p\u00eache nous rassurent: ce n&#8217;est pas nous qui avions la poisse \ud83d\ude42<br \/>\nEn tous cas, nous aussi nous avons pass\u00e9 une super semaine. On en reparlait le week-end dernier avec J\u00e9r\u00f4me \u00e0 Brive, \u00e7a nous a vraiment donn\u00e9 envie de s&#8217;y remettre \u00e0 fond, et de tester les techniques et leurres que tu nous as montr\u00e9.<br \/>\n&#8230;<br \/>\nFais une bise \u00e0 Vienne et Micka\u00ebl, ils ont \u00e9t\u00e9 au top du 1er au dernier jour&#8230;&#8230;&#8230;&#8230;&#8230;..Et que la force du brochet sois avec toi \ud83d\ude42<br \/>\nA bient\u00f4t,<br \/>\nFred<\/p>\n<div style=\"float: right; text-align: right; font-style: normal; font-weight: bold;\">Fr\u00e9d\u00e9ric FORESTIER<\/div>\n<\/blockquote>\n<div class=\"divider\"><\/div>\n<p><!--FIN DU COMMENTAIRE --><\/p>\n<blockquote><p><span class=\"dates\">4 mai 2012<\/span><\/p>\n<p>Bonjour St\u00e9phane,<br \/>\nVoici un petit souvenir de notre journ\u00e9e p\u00eache !! Tr\u00e8s bon moment en votre compagnie.<br \/>\nNous esp\u00e9rons revenir l&#8217;ann\u00e9e prochaine et faire 2 jours de p\u00eache !! c&#8217;est effectivement dommage que nous avons pas pu p\u00eacher le vendredi vu la journ\u00e9e magnifique !!!<br \/>\nLouis et Th\u00e9o \u00e9taient d\u00e9\u00e7us&#8230;<br \/>\nCordialement<br \/>\nAlexia<\/p>\n<div style=\"float: right; text-align: right; font-style: normal; font-weight: bold;\">Alexia BREUCQ<\/div>\n<\/blockquote>\n<p><!--FIN DU COMMENTAIRE -->[\/vc_column_text][\/vc_column][\/vc_row]<\/p>\n<\/div>","protected":false},"excerpt":{"rendered":"<p>[vc_row el_class=&#8221;hauteurboite1&#8243;][vc_column el_class=&#8221;hauteurboite1&#8243;][vc_column_text el_class=&#8221;hauteurboite1&#8243;] Guide de p\u00eache ari\u00e8ge. Guide de p\u00eache aude. Guide de p\u00eache canal du midi. Guide de p\u00eache haute-garonne. Guide de p\u00eache tarn. Guide de p\u00eache lac [&hellip;]<\/p>\n","protected":false},"author":1,"featured_media":0,"parent":552442,"menu_order":0,"comment_status":"closed","ping_status":"closed","template":"","meta":{"_acf_changed":false,"footnotes":""},"class_list":["post-1777","page","type-page","status-publish","hentry"],"acf":[],"_links":{"self":[{"href":"https:\/\/www.jour-de-peche.com\/en\/wp-json\/wp\/v2\/pages\/1777","targetHints":{"allow":["GET"]}}],"collection":[{"href":"https:\/\/www.jour-de-peche.com\/en\/wp-json\/wp\/v2\/pages"}],"about":[{"href":"https:\/\/www.jour-de-peche.com\/en\/wp-json\/wp\/v2\/types\/page"}],"author":[{"embeddable":true,"href":"https:\/\/www.jour-de-peche.com\/en\/wp-json\/wp\/v2\/users\/1"}],"replies":[{"embeddable":true,"href":"https:\/\/www.jour-de-peche.com\/en\/wp-json\/wp\/v2\/comments?post=1777"}],"version-history":[{"count":128,"href":"https:\/\/www.jour-de-peche.com\/en\/wp-json\/wp\/v2\/pages\/1777\/revisions"}],"predecessor-version":[{"id":556211,"href":"https:\/\/www.jour-de-peche.com\/en\/wp-json\/wp\/v2\/pages\/1777\/revisions\/556211"}],"up":[{"embeddable":true,"href":"https:\/\/www.jour-de-peche.com\/en\/wp-json\/wp\/v2\/pages\/552442"}],"wp:attachment":[{"href":"https:\/\/www.jour-de-peche.com\/en\/wp-json\/wp\/v2\/media?parent=1777"}],"curies":[{"name":"wp","href":"https:\/\/api.w.org\/{rel}","templated":true}]}}